{"id":548,"date":"2024-03-22T10:39:29","date_gmt":"2024-03-22T10:39:29","guid":{"rendered":"http:\/\/cpvc.local\/?page_id=533"},"modified":"2026-01-08T16:46:59","modified_gmt":"2026-01-08T16:46:59","slug":"pedido-de-indemnizacao","status":"publish","type":"page","link":"https:\/\/cpvc.justica.gov.pt\/en\/pedido-de-indemnizacao\/","title":{"rendered":"Compensation Claims"},"content":{"rendered":"<div class=\"wp-block-columns is-layout-flex wp-container-core-columns-is-layout-9d6595d7 wp-block-columns-is-layout-flex\">\n<div class=\"wp-block-column is-layout-flow wp-block-column-is-layout-flow\">\n<div class=\"wp-block-group post-card-img has-link-text is-layout-flow wp-block-group-is-layout-flow\">\n<div class=\"wp-block-group post-card-img__img is-layout-flow wp-block-group-is-layout-flow\">\n<figure class=\"wp-block-image size-medium\"><img loading=\"lazy\" decoding=\"async\" width=\"300\" height=\"163\" src=\"https:\/\/cpvc.justica.gov.pt\/wp-content\/uploads\/2024\/04\/Image-1-300x163.png\" alt=\"women using phone\" class=\"wp-image-1705\" srcset=\"https:\/\/cpvc.justica.gov.pt\/wp-content\/uploads\/2024\/04\/Image-1-300x163.png 300w, https:\/\/cpvc.justica.gov.pt\/wp-content\/uploads\/2024\/04\/Image-1-18x10.png 18w, https:\/\/cpvc.justica.gov.pt\/wp-content\/uploads\/2024\/04\/Image-1.png 384w\" sizes=\"auto, (max-width: 300px) 100vw, 300px\" \/><\/figure>\n<\/div>\n\n\n\n<h2 class=\"wp-block-heading wp-block-post-title\" id=\"foi-vitima-de-um-crime-violento\"><strong>Have you been the victim of a violent crime?<\/strong><\/h2>\n\n\n\n<div class=\"wp-block-group wp-block-post-excerpt is-layout-flow wp-block-group-is-layout-flow\">\n<p class=\"wp-block-post-excerpt__excerpt\">Click \u201cNext\u201d to learn more, review all the required documents, and complete the form.<\/p>\n\n\n\n<div class=\"wp-block-group wp-block-post-excerpt__more-text is-nowrap is-layout-flex wp-container-core-group-is-layout-ad2f72ca wp-block-group-is-layout-flex\">\n<p class=\"wp-block-post-excerpt__more-link\"><a href=\"\/en\/foi-vitima-de-outro-crime-violento\/\">Next<\/a><\/p>\n<\/div>\n<\/div>\n<\/div>\n<\/div>\n\n\n\n<div class=\"wp-block-column is-layout-flow wp-block-column-is-layout-flow\">\n<div class=\"wp-block-group post-card-img has-link-text is-layout-flow wp-block-group-is-layout-flow\">\n<div class=\"wp-block-group post-card-img__img is-layout-flow wp-block-group-is-layout-flow\">\n<figure class=\"wp-block-image size-medium\"><img loading=\"lazy\" decoding=\"async\" width=\"300\" height=\"163\" src=\"https:\/\/cpvc.justica.gov.pt\/wp-content\/uploads\/2024\/04\/Image-2-300x163.png\" alt=\"document sign\" class=\"wp-image-1706\" srcset=\"https:\/\/cpvc.justica.gov.pt\/wp-content\/uploads\/2024\/04\/Image-2-300x163.png 300w, https:\/\/cpvc.justica.gov.pt\/wp-content\/uploads\/2024\/04\/Image-2-18x10.png 18w, https:\/\/cpvc.justica.gov.pt\/wp-content\/uploads\/2024\/04\/Image-2.png 384w\" sizes=\"auto, (max-width: 300px) 100vw, 300px\" \/><\/figure>\n<\/div>\n\n\n\n<h2 class=\"wp-block-heading wp-block-post-title\" id=\"e-familiar-de-uma-vitima-de-um-crime-de-homicidio\"><strong>Are you a relative of a homicide victim?<\/strong><\/h2>\n\n\n\n<div class=\"wp-block-group wp-block-post-excerpt is-layout-flow wp-block-group-is-layout-flow\">\n<p class=\"wp-block-post-excerpt__excerpt\">Click \u201cNext\u201d to learn more, review all the required documents, and complete the form.<\/p>\n\n\n\n<div class=\"wp-block-group wp-block-post-excerpt__more-text is-nowrap is-layout-flex wp-container-core-group-is-layout-ad2f72ca wp-block-group-is-layout-flex\">\n<p class=\"wp-block-post-excerpt__more-link\"><a href=\"\/en\/e-familiar-de-uma-vitima-de-um-crime-de-homicidio\/\">Next<\/a><\/p>\n<\/div>\n<\/div>\n<\/div>\n<\/div>\n\n\n\n<div class=\"wp-block-column is-layout-flow wp-block-column-is-layout-flow\">\n<div class=\"wp-block-group post-card-img has-link-text is-layout-flow wp-block-group-is-layout-flow\">\n<div class=\"wp-block-group post-card-img__img is-layout-flow wp-block-group-is-layout-flow\">\n<figure class=\"wp-block-image size-medium\"><img loading=\"lazy\" decoding=\"async\" width=\"300\" height=\"163\" src=\"https:\/\/cpvc.justica.gov.pt\/wp-content\/uploads\/2024\/04\/Image-300x163.png\" alt=\"judge\" class=\"wp-image-1694\" srcset=\"https:\/\/cpvc.justica.gov.pt\/wp-content\/uploads\/2024\/04\/Image-300x163.png 300w, https:\/\/cpvc.justica.gov.pt\/wp-content\/uploads\/2024\/04\/Image-18x10.png 18w, https:\/\/cpvc.justica.gov.pt\/wp-content\/uploads\/2024\/04\/Image.png 384w\" sizes=\"auto, (max-width: 300px) 100vw, 300px\" \/><\/figure>\n<\/div>\n\n\n\n<h2 class=\"wp-block-heading wp-block-post-title\" id=\"foi-vitima-de-violencia-domestica\"><strong>Have you been a victim of domestic violence?<\/strong><\/h2>\n\n\n\n<div class=\"wp-block-group wp-block-post-excerpt is-layout-flow wp-block-group-is-layout-flow\">\n<p class=\"wp-block-post-excerpt__excerpt\">Click \u201cNext\u201d to learn more, review all the required documents, and complete the form.<\/p>\n\n\n\n<div class=\"wp-block-group wp-block-post-excerpt__more-text is-nowrap is-layout-flex wp-container-core-group-is-layout-ad2f72ca wp-block-group-is-layout-flex\">\n<p class=\"wp-block-post-excerpt__more-link\"><a href=\"\/en\/foi-vitima-de-violencia-domestica\/\">Next<\/a><\/p>\n<\/div>\n<\/div>\n<\/div>\n<\/div>\n<\/div>\n\n\n\n<div class=\"wp-block-group is-nowrap is-layout-flex wp-container-core-group-is-layout-ad2f72ca wp-block-group-is-layout-flex\"><\/div>\n\n\n\n\n\n<div class=\"wp-block-group order-cards is-layout-flow wp-block-group-is-layout-flow\">\n<div class=\"wp-block-group posts-3col-list is-layout-constrained wp-block-group-is-layout-constrained\">\n<div class=\"wp-block-group order-card is-layout-flow wp-block-group-is-layout-flow\">\n<div class=\"wp-block-group order-card__icon is-layout-constrained wp-block-group-is-layout-constrained\">\n<div class=\"wp-block-boldblocks-svg-block svg-b-1\"><div class=\"wp-block-boldblocks-svg-block__inner sm-svg-width\" style=\"--bb--width--sm:var(--bb--width--lg);--bb--width--md:var(--bb--width--lg);--bb--width--lg:100%\"><svg width=\"20\" height=\"22\" viewbox=\"0 0 20 22\" fill=\"none\" xmlns=\"http:\/\/www.w3.org\/2000\/svg\">\n<path d=\"M13.75 21.5H5.75C2.1 21.5 0 19.4 0 15.75V5.75C0 2.1 2.1 0 5.75 0H13.75C17.4 0 19.5 2.1 19.5 5.75V15.75C19.5 19.4 17.4 21.5 13.75 21.5ZM5.75 1.5C2.89 1.5 1.5 2.89 1.5 5.75V15.75C1.5 18.61 2.89 20 5.75 20H13.75C16.61 20 18 18.61 18 15.75V5.75C18 2.89 16.61 1.5 13.75 1.5H5.75Z\" fill=\"#034AD8\"><\/path>\n<path d=\"M16.25 8H14.25C12.73 8 11.5 6.77 11.5 5.25V3.25C11.5 2.84 11.84 2.5 12.25 2.5C12.66 2.5 13 2.84 13 3.25V5.25C13 5.94 13.56 6.5 14.25 6.5H16.25C16.66 6.5 17 6.84 17 7.25C17 7.66 16.66 8 16.25 8Z\" fill=\"#034AD8\"><\/path>\n<path d=\"M9.75 12.5H5.75C5.34 12.5 5 12.16 5 11.75C5 11.34 5.34 11 5.75 11H9.75C10.16 11 10.5 11.34 10.5 11.75C10.5 12.16 10.16 12.5 9.75 12.5Z\" fill=\"#034AD8\"><\/path>\n<path d=\"M13.75 16.5H5.75C5.34 16.5 5 16.16 5 15.75C5 15.34 5.34 15 5.75 15H13.75C14.16 15 14.5 15.34 14.5 15.75C14.5 16.16 14.16 16.5 13.75 16.5Z\" fill=\"#034AD8\"><\/path>\n<\/svg><\/div><\/div>\n<\/div>\n\n\n\n<h2 class=\"wp-block-heading\" id=\"consultar-pedido-de-indemnizacao\">Consult your claim<\/h2>\n\n\n\n<div class=\"wp-block-group wp-block-post-excerpt is-layout-flow wp-block-group-is-layout-flow\">\n<p class=\"order-card__desc\">To request access to the form and the status of your application <a href=\"https:\/\/backoffice.cpvc.justica.gov.pt\/CPVC\/ConsultRequest\">click here<\/a>.<\/p>\n<\/div>\n<\/div>\n\n\n\n<div class=\"wp-block-group order-card is-layout-flow wp-block-group-is-layout-flow\">\n<div class=\"wp-block-group order-card__icon is-layout-constrained wp-block-group-is-layout-constrained\">\n<div class=\"wp-block-boldblocks-svg-block svg-b-2\"><div class=\"wp-block-boldblocks-svg-block__inner sm-svg-width\" style=\"--bb--width--sm:var(--bb--width--lg);--bb--width--md:var(--bb--width--lg);--bb--width--lg:100%\"><svg width=\"19\" height=\"22\" viewbox=\"0 0 19 22\" fill=\"none\" xmlns=\"http:\/\/www.w3.org\/2000\/svg\">\n<path d=\"M9.5 21.5C4.26 21.5 0 17.24 0 12C0 6.76 4.26 2.5 9.5 2.5C14.74 2.5 19 6.76 19 12C19 17.24 14.74 21.5 9.5 21.5ZM9.5 4C5.09 4 1.5 7.59 1.5 12C1.5 16.41 5.09 20 9.5 20C13.91 20 17.5 16.41 17.5 12C17.5 7.59 13.91 4 9.5 4Z\" fill=\"#3263F1\"><\/path>\n<path d=\"M9.5 12.5C9.09 12.5 8.75 12.16 8.75 11.75V6.75C8.75 6.34 9.09 6 9.5 6C9.91 6 10.25 6.34 10.25 6.75V11.75C10.25 12.16 9.91 12.5 9.5 12.5Z\" fill=\"#3263F1\"><\/path>\n<path d=\"M12.5 1.5H6.5C6.09 1.5 5.75 1.16 5.75 0.75C5.75 0.34 6.09 0 6.5 0H12.5C12.91 0 13.25 0.34 13.25 0.75C13.25 1.16 12.91 1.5 12.5 1.5Z\" fill=\"#3263F1\"><\/path>\n<\/svg><\/div><\/div>\n<\/div>\n\n\n\n<h2 class=\"wp-block-heading\" id=\"pedido-de-prorrogacao\">Extension Request<\/h2>\n\n\n\n<div class=\"wp-block-group wp-block-post-excerpt is-layout-flow wp-block-group-is-layout-flow\">\n<p class=\"order-card__desc\">If you have been a victim of domestic violence and have already submitted a first claim for compensation less than 1 year ago, <a href=\"https:\/\/backoffice.cpvc.justica.gov.pt\/CPVC\/RequestExtension\">click here<\/a> to submit a new extension request.<\/p>\n<\/div>\n<\/div>\n\n\n\n<div class=\"wp-block-group order-card is-layout-flow wp-block-group-is-layout-flow\">\n<div class=\"wp-block-group order-card__icon is-layout-constrained wp-block-group-is-layout-constrained\">\n<div class=\"wp-block-boldblocks-svg-block svg-b-3\"><div class=\"wp-block-boldblocks-svg-block__inner sm-svg-width\" style=\"--bb--width--sm:var(--bb--width--lg);--bb--width--md:var(--bb--width--lg);--bb--width--lg:100%\"><svg height=\"100px\" width=\"100px\" version=\"1.1\" id=\"Layer_1\" xmlns=\"http:\/\/www.w3.org\/2000\/svg\" xmlns:xlink=\"http:\/\/www.w3.org\/1999\/xlink\" viewbox=\"0 0 512 512\" xml:space=\"preserve\" fill=\"#000000\">\n\n<g id=\"SVGRepo_bgCarrier\" stroke-width=\"0\"><\/g>\n\n<g id=\"SVGRepo_tracerCarrier\" stroke-linecap=\"round\" stroke-linejoin=\"round\"><\/g>\n\n<g id=\"SVGRepo_iconCarrier\"> <path style=\"fill:#e6edfe;\" d=\"M473.655,88.275H38.345C17.167,88.275,0,105.442,0,126.62V385.38 c0,21.177,17.167,38.345,38.345,38.345h435.31c21.177,0,38.345-17.167,38.345-38.345V126.62 C512,105.442,494.833,88.275,473.655,88.275z\"><\/path> <g> <path style=\"fill:#1e49d0;\" d=\"M259.59,126.684l3.54,10.613l11.187,0.087c1.449,0.011,2.049,1.859,0.884,2.72l-9,6.646 l3.374,10.666c0.437,1.38-1.135,2.524-2.314,1.681l-9.101-6.506l-9.101,6.506c-1.178,0.842-2.751-0.3-2.314-1.681l3.374-10.666 l-9-6.646c-1.165-0.861-0.565-2.709,0.884-2.72l11.187-0.087l3.54-10.613C257.187,125.31,259.132,125.31,259.59,126.684z\"><\/path> <path style=\"fill:#1e49d0;\" d=\"M259.59,354.547l3.54,10.613l11.187,0.087c1.449,0.011,2.049,1.859,0.884,2.72l-9,6.646 l3.374,10.666c0.437,1.38-1.135,2.524-2.314,1.681l-9.101-6.506l-9.101,6.506c-1.178,0.842-2.751-0.3-2.314-1.681l3.374-10.666 l-9-6.646c-1.165-0.861-0.565-2.709,0.884-2.72l11.187-0.087l3.54-10.613C257.187,353.172,259.132,353.172,259.59,354.547z\"><\/path> <path style=\"fill:#1e49d0;\" d=\"M373.521,240.615l3.54,10.613l11.187,0.087c1.449,0.011,2.049,1.859,0.884,2.72l-9,6.646 l3.374,10.666c0.437,1.38-1.135,2.524-2.314,1.681l-9.101-6.506l-9.101,6.506c-1.178,0.842-2.751-0.3-2.314-1.681l3.374-10.666 l-9-6.646c-1.165-0.861-0.565-2.709,0.884-2.72l11.187-0.087l3.54-10.613C371.118,239.242,373.063,239.242,373.521,240.615z\"><\/path> <path style=\"fill:#1e49d0;\" d=\"M145.658,240.615l3.54,10.613l11.187,0.087c1.449,0.011,2.049,1.859,0.884,2.72l-9,6.646 l3.374,10.666c0.437,1.38-1.135,2.524-2.314,1.681l-9.101-6.506l-9.101,6.506c-1.178,0.842-2.751-0.3-2.314-1.681l3.374-10.666 l-9-6.646c-1.165-0.861-0.565-2.709,0.884-2.72l11.187-0.087l3.54-10.613C143.256,239.242,145.201,239.242,145.658,240.615z\"><\/path> <path style=\"fill:#1e49d0;\" d=\"M162.762,181.119l3.54,10.613l11.187,0.087c1.449,0.011,2.049,1.859,0.884,2.72l-9,6.646 l3.374,10.666c0.437,1.38-1.135,2.524-2.314,1.681l-9.101-6.506l-9.101,6.506c-1.178,0.842-2.751-0.3-2.314-1.681l3.374-10.666 l-9-6.646c-1.165-0.861-0.565-2.709,0.884-2.72l11.187-0.087l3.54-10.613C160.36,179.745,162.303,179.745,162.762,181.119z\"><\/path> <path style=\"fill:#1e49d0;\" d=\"M360.096,295.05l3.54,10.613l11.187,0.087c1.449,0.011,2.049,1.859,0.884,2.72l-9,6.646 l3.374,10.666c0.437,1.382-1.135,2.524-2.314,1.681l-9.101-6.506l-9.101,6.506c-1.178,0.842-2.751-0.3-2.314-1.681l3.374-10.666 l-9-6.646c-1.165-0.861-0.565-2.709,0.884-2.72l11.187-0.087l3.54-10.613C357.694,293.677,359.638,293.677,360.096,295.05z\"><\/path> <path style=\"fill:#1e49d0;\" d=\"M318.395,139.417l3.54,10.613l11.187,0.087c1.449,0.011,2.049,1.859,0.884,2.72l-9,6.646 l3.374,10.666c0.437,1.38-1.135,2.524-2.314,1.681l-9.101-6.506l-9.102,6.506c-1.178,0.842-2.751-0.3-2.314-1.681l3.374-10.666 l-9-6.646c-1.165-0.861-0.565-2.709,0.884-2.72l11.187-0.087l3.54-10.613C315.992,138.044,317.935,138.044,318.395,139.417z\"><\/path> <path style=\"fill:#1e49d0;\" d=\"M204.463,336.753l3.54,10.613l11.187,0.087c1.449,0.011,2.049,1.859,0.884,2.72l-9,6.646 l3.374,10.666c0.437,1.38-1.135,2.524-2.314,1.681l-9.101-6.506l-9.101,6.506c-1.178,0.842-2.751-0.3-2.314-1.681l3.374-10.666 l-9-6.646c-1.165-0.861-0.565-2.709,0.884-2.72l11.187-0.086l3.54-10.613C202.061,335.378,204.006,335.378,204.463,336.753z\"><\/path> <path style=\"fill:#1e49d0;\" d=\"M357.236,181.119l-3.54,10.613l-11.187,0.087c-1.449,0.011-2.049,1.859-0.884,2.72l9,6.646 l-3.374,10.666c-0.437,1.38,1.135,2.524,2.314,1.681l9.101-6.506l9.101,6.506c1.178,0.842,2.751-0.3,2.314-1.681l-3.374-10.666 l9-6.646c1.165-0.861,0.565-2.709-0.884-2.72l-11.187-0.087l-3.54-10.613C359.638,179.745,357.694,179.745,357.236,181.119z\"><\/path> <path style=\"fill:#1e49d0;\" d=\"M159.902,295.05l-3.54,10.613l-11.187,0.087c-1.449,0.011-2.049,1.859-0.884,2.72l9,6.646 l-3.374,10.666c-0.437,1.382,1.135,2.524,2.314,1.681l9.101-6.506l9.101,6.506c1.178,0.842,2.751-0.3,2.314-1.681l-3.374-10.666 l9-6.646c1.165-0.861,0.565-2.709-0.884-2.72l-11.187-0.087l-3.54-10.613C162.303,293.677,160.36,293.677,159.902,295.05z\"><\/path> <path style=\"fill:#1e49d0;\" d=\"M201.603,139.417l-3.54,10.613l-11.187,0.087c-1.449,0.011-2.049,1.859-0.884,2.72l9,6.646 l-3.374,10.666c-0.437,1.38,1.135,2.524,2.314,1.681l9.101-6.506l9.101,6.506c1.178,0.842,2.751-0.3,2.314-1.681l-3.374-10.666 l9-6.646c1.165-0.861,0.565-2.709-0.884-2.72l-11.187-0.087l-3.54-10.613C204.004,138.044,202.061,138.044,201.603,139.417z\"><\/path> <path style=\"fill:#1e49d0;\" d=\"M315.534,336.753l-3.54,10.613l-11.187,0.087c-1.449,0.011-2.049,1.859-0.884,2.72l9,6.646 l-3.374,10.666c-0.437,1.38,1.135,2.524,2.314,1.681l9.101-6.506l9.101,6.506c1.178,0.842,2.751-0.3,2.314-1.681l-3.374-10.666 l9-6.646c1.165-0.861,0.565-2.709-0.884-2.72l-11.187-0.086l-3.54-10.613C317.935,335.378,315.992,335.378,315.534,336.753z\"><\/path> <\/g> <\/g>\n\n<\/svg><\/div><\/div>\n<\/div>\n\n\n\n<h2 class=\"wp-block-heading\" id=\"pedido-de-prorrogacao\">Compensation of victims of crime in the European Union<\/h2>\n\n\n\n<div class=\"wp-block-group wp-block-post-excerpt is-layout-flow wp-block-group-is-layout-flow\">\n<p class=\"order-card__desc\">If you were the victim of a crime in Portugal and are a resident of another country of the European Union, you may also contact the Assistance Authority in your country of residence to initiate the compensation claim. <\/p>\n\n\n\n<p class=\"order-card__desc\"><a href=\"\/en\/indemnizacao-das-vitimas-de-crime-na-uniao-europeia\/\" title=\"\">Click here<\/a> for more information<\/p>\n<\/div>\n<\/div>\n<\/div>\n<\/div>\n\n\n\n<div class=\"wp-block-group has-primary-blue-900-color has-text-color has-link-color wp-elements-756dcd1a1b81f4193e3cc8288985aff0 is-nowrap is-layout-flex wp-container-core-group-is-layout-9ac49156 wp-block-group-is-layout-flex\" style=\"margin-top:2em\">\n<p class=\"has-grey-800-color has-text-color has-link-color has-small-font-size wp-elements-8d2b2c7fa7ca3cd2f4b985b18f2e35f8\">Updated on<\/p>\n\n\n<div class=\"wp-block-post-date__modified-date has-link-color wp-elements-3a1a9efa8d31e779f7a052913d0596cb wp-block-post-date has-text-color has-grey-800-color has-small-font-size\"><time datetime=\"2026-01-08T16:46:59+00:00\">08.01.2026<\/time><\/div><\/div>","protected":false},"excerpt":{"rendered":"Documentos necess\u00e1rios:\n\nPreenchimento integral do formul\u00e1rio do pedido.\n\nIndica\u00e7\u00e3o do montante da indemniza\u00e7\u00e3o pretendida.\n\nDeclara\u00e7\u00e3o fiscal de rendimentos da v\u00edtima (ou do requerente quando n\u00e3o \u00e9 a v\u00edtima directa do crime) referente ao ano anterior ao crime, ao ano do crime e ao ano posterior ao crime.\n\nCertid\u00e3o do processo-crime com c\u00f3pia da senten\u00e7a e data do tr\u00e2nsito em julgado.\n\nProcura\u00e7\u00e3o forense quando o requerimento seja efectuado por mandat\u00e1rio.\n\nNomea\u00e7\u00e3o de patrono no caso de mandat\u00e1rio oficioso.","protected":false},"author":1,"featured_media":0,"parent":0,"menu_order":0,"comment_status":"closed","ping_status":"closed","template":"wp-custom-template-p-gina-delibera-es","meta":{"_gspb_post_css":"#gspb_heading-id-gsbp-21a9cf5,#gspb_heading-id-gsbp-b18b72b{margin-top:24px;margin-bottom:0}.gspb_container-id-gsbp-d4dc4ff{flex-direction:column;box-sizing:border-box}#gspb_container-id-gsbp-2100673.gspb_container>p:last-of-type,#gspb_container-id-gsbp-9d80451.gspb_container>p:last-of-type,#gspb_container-id-gsbp-a9b4c61.gspb_container>p:last-of-type,#gspb_container-id-gsbp-bcb235b.gspb_container>p:last-of-type,#gspb_container-id-gsbp-c56ded9.gspb_container>p:last-of-type,#gspb_container-id-gsbp-d4dc4ff.gspb_container>p:last-of-type{margin-bottom:0}.gspb_container-id-gsbp-c56ded9{flex-direction:column;box-sizing:border-box}#gspb_container-id-gsbp-c56ded9.gspb_container{display:flex;align-content:center;align-items:center;row-gap:10px;column-gap:10px;margin-top:16px;margin-bottom:16px}#gspb_container-id-gsbp-2100673.gspb_container .gspb-containerlink,#gspb_container-id-gsbp-9d80451.gspb_container .gspb-containerlink,#gspb_container-id-gsbp-a9b4c61.gspb_container .gspb-containerlink,#gspb_container-id-gsbp-bcb235b.gspb_container .gspb-containerlink,#gspb_container-id-gsbp-c56ded9.gspb_container .gspb-containerlink{position:absolute;top:0;left:0;right:0;bottom:0;z-index:1}.gspb_container-id-gsbp-2100673,.gspb_container-id-gsbp-9d80451,.gspb_container-id-gsbp-a9b4c61,.gspb_container-id-gsbp-bcb235b{flex-direction:column;box-sizing:border-box}.gspb_container{position:relative}#gspb_container-id-gsbp-2100673.gspb_container,#gspb_container-id-gsbp-9d80451.gspb_container,#gspb_container-id-gsbp-a9b4c61.gspb_container,#gspb_container-id-gsbp-bcb235b.gspb_container{display:flex;align-content:center;align-items:center;row-gap:10px;column-gap:10px;margin-top:16px;margin-bottom:16px}","footnotes":""},"class_list":["post-548","page","type-page","status-publish","hentry"],"aioseo_notices":[],"_links":{"self":[{"href":"https:\/\/cpvc.justica.gov.pt\/en\/wp-json\/wp\/v2\/pages\/548","targetHints":{"allow":["GET"]}}],"collection":[{"href":"https:\/\/cpvc.justica.gov.pt\/en\/wp-json\/wp\/v2\/pages"}],"about":[{"href":"https:\/\/cpvc.justica.gov.pt\/en\/wp-json\/wp\/v2\/types\/page"}],"author":[{"embeddable":true,"href":"https:\/\/cpvc.justica.gov.pt\/en\/wp-json\/wp\/v2\/users\/1"}],"replies":[{"embeddable":true,"href":"https:\/\/cpvc.justica.gov.pt\/en\/wp-json\/wp\/v2\/comments?post=548"}],"version-history":[{"count":69,"href":"https:\/\/cpvc.justica.gov.pt\/en\/wp-json\/wp\/v2\/pages\/548\/revisions"}],"predecessor-version":[{"id":3646,"href":"https:\/\/cpvc.justica.gov.pt\/en\/wp-json\/wp\/v2\/pages\/548\/revisions\/3646"}],"wp:attachment":[{"href":"https:\/\/cpvc.justica.gov.pt\/en\/wp-json\/wp\/v2\/media?parent=548"}],"curies":[{"name":"wp","href":"https:\/\/api.w.org\/{rel}","templated":true}]}}