{"id":339,"date":"2024-03-11T14:31:04","date_gmt":"2024-03-11T14:31:04","guid":{"rendered":"http:\/\/agoradesign.local\/?page_id=164"},"modified":"2025-12-12T12:52:28","modified_gmt":"2025-12-12T12:52:28","slug":"legislacao","status":"publish","type":"page","link":"https:\/\/cpvc.justica.gov.pt\/en\/legislacao\/","title":{"rendered":"Legislation"},"content":{"rendered":"\n<div class=\"wp-block-greenshift-blocks-container gspb_container gspb_container-gsbp-00fee7e box-menu\" id=\"gspb_container-id-gsbp-00fee7e\">\n<p id=\"gspb_text-id-gsbp-3b0f584\" class=\"gspb_text gspb_text-id-gsbp-3b0f584 link-without-style\"><a href=\"#cpvc\">Comiss\u00e3o de Prote\u00e7\u00e3o \u00e0s V\u00edtimas<br>de Crimes (CPVC)<\/a><\/p>\n\n\n\n<p id=\"gspb_text-id-gsbp-328b21c\" class=\"gspb_text gspb_text-id-gsbp-328b21c link-without-style\"><a href=\"#estatuto-vitima\">Estatuto de V\u00edtima<\/a><\/p>\n\n\n\n<p id=\"gspb_text-id-gsbp-a73084a\" class=\"gspb_text gspb_text-id-gsbp-a73084a link-without-style\"><a href=\"#indemnizacoes-vitima-criminalidade\">Indemniza\u00e7\u00f5es \u00e0s V\u00edtimas<br>de Criminalidade<\/a><\/p>\n\n\n\n<p id=\"gspb_text-id-gsbp-aad3145\" class=\"gspb_text gspb_text-id-gsbp-aad3145 link-without-style\"><a href=\"#violencia-domestica\">Viol\u00eancia Dom\u00e9stica<\/a><\/p>\n\n\n\n<p id=\"gspb_text-id-gsbp-2c0956d\" class=\"gspb_text gspb_text-id-gsbp-2c0956d link-without-style\"><a href=\"#menores\">Menores<\/a><\/p>\n<\/div>\n\n\n\n<div id=\"cpvc\"><\/div><div class=\"wp-block-greenshift-blocks-container gspb_container gspb_container-gsbp-4cd5d0c\" id=\"gspb_container-id-gsbp-4cd5d0c\">\n<h2 id=\"gspb_heading-id-gsbp-18deeab\" class=\"gspb_heading gspb_heading-id-gsbp-18deeab \">Comiss\u00e3o de Prote\u00e7\u00e3o \u00e0s V\u00edtimas de Crimes (CPVC)<\/h2>\n\n\n\n<div class=\"wp-block-greenshift-blocks-container gspb_container gspb_container-gsbp-c09f8ac\" id=\"gspb_container-id-gsbp-c09f8ac\">\n<div class=\"wp-block-greenshift-blocks-container gspb_container gspb_container-gsbp-d5a5443 arrow-link\" id=\"gspb_container-id-gsbp-d5a5443\"><a class=\"gspb-containerlink\" href=\"\/wp-content\/uploads\/2024\/03\/DL_120_2010.pdf\" aria-label=\"Decreto-Lei n.\u00ba 120\/2010, de 27 de Outubro\" target=\"_blank\" rel=\"noopener\"><\/a>\n<p style=\"margin-top:0;margin-bottom:0\">Decreto-Lei n.\u00ba 120\/2010, de 27 de Outubro<\/p>\n\n\n\n<div class=\"wp-block-boldblocks-svg-block svg-b-1\"><div class=\"wp-block-boldblocks-svg-block__inner sm-svg-width svg-stroke-color\" style=\"--bb--width--sm:var(--bb--width--lg);--bb--width--md:var(--bb--width--lg);--bb--width--lg:100%;--bb--stroke--color:var(--wp--preset--color--primary-blue-600, #034AD8)\"><svg xmlns=\"http:\/\/www.w3.org\/2000\/svg\" viewBox=\"0 0 512 512\" class=\"bb-icon bb-icon--arrow-forward-circle-outline\">\n  <path d=\"M256 448c106 0 192-86 192-192S362 64 256 64 64 150 64 256s86 192 192 192Z\" style=\"fill:none;stroke:#000;stroke-miterlimit:10;stroke-width:32px\"><\/path>\n  <path d=\"M262.62 336 342 256l-79.38-80m68.35 80H170\" style=\"fill:none;stroke:#000;stroke-linecap:round;stroke-linejoin:round;stroke-width:32px\"><\/path>\n<\/svg><\/div><\/div>\n<\/div>\n<\/div>\n\n\n\n<div id=\"gspb_text-id-gsbp-f6044a3\" class=\"gspb_text gspb_text-id-gsbp-f6044a3 \">Regula a constitui\u00e7\u00e3o, o funcionamento e o exerc\u00edcio de poderes e deveres da CPVC<\/div>\n\n\n\n<div class=\"wp-block-greenshift-blocks-container gspb_container gspb_container-gsbp-a2228ef\" id=\"gspb_container-id-gsbp-a2228ef\">\n<div class=\"wp-block-greenshift-blocks-container gspb_container gspb_container-gsbp-90a3851 arrow-link\" id=\"gspb_container-id-gsbp-90a3851\"><a class=\"gspb-containerlink\" href=\"\/wp-content\/uploads\/2024\/03\/DL_123_2011_LOMJ.pdf\" aria-label=\"Decreto-Lei n.\u00ba 123\/2011, de 29 de Dezembro\" target=\"_blank\" rel=\"noopener\"><\/a>\n<p style=\"margin-top:0;margin-bottom:0\">Decreto-Lei n.\u00ba 123\/2011, de 29 de Dezembro<\/p>\n\n\n\n<div class=\"wp-block-boldblocks-svg-block svg-b-2\"><div class=\"wp-block-boldblocks-svg-block__inner sm-svg-width svg-stroke-color\" style=\"--bb--width--sm:var(--bb--width--lg);--bb--width--md:var(--bb--width--lg);--bb--width--lg:100%;--bb--stroke--color:var(--wp--preset--color--primary-blue-600, #034AD8)\"><svg xmlns=\"http:\/\/www.w3.org\/2000\/svg\" viewBox=\"0 0 512 512\" class=\"bb-icon bb-icon--arrow-forward-circle-outline\">\n  <path d=\"M256 448c106 0 192-86 192-192S362 64 256 64 64 150 64 256s86 192 192 192Z\" style=\"fill:none;stroke:#000;stroke-miterlimit:10;stroke-width:32px\"><\/path>\n  <path d=\"M262.62 336 342 256l-79.38-80m68.35 80H170\" style=\"fill:none;stroke:#000;stroke-linecap:round;stroke-linejoin:round;stroke-width:32px\"><\/path>\n<\/svg><\/div><\/div>\n<\/div>\n<\/div>\n\n\n\n<div id=\"gspb_text-id-gsbp-808c153\" class=\"gspb_text gspb_text-id-gsbp-808c153 \">Define a org\u00e2nica do Minist\u00e9rio da Justi\u00e7a &#8211; Artigo 20.\u00ba CPVC<\/div>\n<\/div>\n\n\n\n<div style=\"height:64px\" aria-hidden=\"true\" class=\"wp-block-spacer\"><\/div>\n\n\n\n<div id=\"estatuto-vitima\"><\/div><div class=\"wp-block-greenshift-blocks-container gspb_container gspb_container-gsbp-21c5e2d\" id=\"gspb_container-id-gsbp-21c5e2d\">\n<h2 id=\"gspb_heading-id-gsbp-74a62a2\" class=\"gspb_heading gspb_heading-id-gsbp-74a62a2 \">Estatuto de V\u00edtima<\/h2>\n\n\n\n<div class=\"wp-block-greenshift-blocks-container gspb_container gspb_container-gsbp-0295243\" id=\"gspb_container-id-gsbp-0295243\">\n<div class=\"wp-block-greenshift-blocks-container gspb_container gspb_container-gsbp-19528f4 arrow-link\" id=\"gspb_container-id-gsbp-19528f4\"><a class=\"gspb-containerlink\" href=\"\/wp-content\/uploads\/2024\/03\/Lei_130_2015_Estatuto-_vitima.pdf\" aria-label=\"Lei n.\u00ba 130\/2015, de 4 de setembro\" target=\"_blank\" rel=\"noopener\"><\/a>\n<p style=\"margin-top:0;margin-bottom:0\">Lei n.\u00ba 130\/2015, de 4 de setembro<\/p>\n\n\n\n<div class=\"wp-block-boldblocks-svg-block svg-b-3\"><div class=\"wp-block-boldblocks-svg-block__inner sm-svg-width svg-stroke-color\" style=\"--bb--width--sm:var(--bb--width--lg);--bb--width--md:var(--bb--width--lg);--bb--width--lg:100%;--bb--stroke--color:var(--wp--preset--color--primary-blue-600, #034AD8)\"><svg xmlns=\"http:\/\/www.w3.org\/2000\/svg\" viewBox=\"0 0 512 512\" class=\"bb-icon bb-icon--arrow-forward-circle-outline\">\n  <path d=\"M256 448c106 0 192-86 192-192S362 64 256 64 64 150 64 256s86 192 192 192Z\" style=\"fill:none;stroke:#000;stroke-miterlimit:10;stroke-width:32px\"><\/path>\n  <path d=\"M262.62 336 342 256l-79.38-80m68.35 80H170\" style=\"fill:none;stroke:#000;stroke-linecap:round;stroke-linejoin:round;stroke-width:32px\"><\/path>\n<\/svg><\/div><\/div>\n<\/div>\n<\/div>\n\n\n\n<div id=\"gspb_text-id-gsbp-89904e7\" class=\"gspb_text gspb_text-id-gsbp-89904e7 \">Procede \u00e0 vig\u00e9sima terceira altera\u00e7\u00e3o ao C\u00f3digo de Processo Penal e aprova o Estatuto da V\u00edtima, transpondo a Diretiva 2012\/29\/UE do Parlamento Europeu e do Conselho, de 25 de outubro de 2012, que estabelece normas relativas aos direitos, ao apoio e \u00e0 prote\u00e7\u00e3o das v\u00edtimas da criminalidade e que substitui a Decis\u00e3o-Quadro 2001\/220\/JAI do Conselho, de 15 de mar\u00e7o de 2001<\/div>\n\n\n\n<div class=\"wp-block-greenshift-blocks-container gspb_container gspb_container-gsbp-c209a03\" id=\"gspb_container-id-gsbp-c209a03\">\n<div class=\"wp-block-greenshift-blocks-container gspb_container gspb_container-gsbp-9aaa2d9 arrow-link\" id=\"gspb_container-id-gsbp-9aaa2d9\"><a class=\"gspb-containerlink\" href=\"\/wp-content\/uploads\/2024\/03\/Diretiva_2012_29_UE.pdf\" aria-label=\"DIRETIVA 2012\/29\/UE\" target=\"_blank\" rel=\"noopener\"><\/a>\n<p style=\"margin-top:0;margin-bottom:0\">DIRETIVA 2012\/29\/UE<\/p>\n\n\n\n<div class=\"wp-block-boldblocks-svg-block svg-b-4\"><div class=\"wp-block-boldblocks-svg-block__inner sm-svg-width svg-stroke-color\" style=\"--bb--width--sm:var(--bb--width--lg);--bb--width--md:var(--bb--width--lg);--bb--width--lg:100%;--bb--stroke--color:var(--wp--preset--color--primary-blue-600, #034AD8)\"><svg xmlns=\"http:\/\/www.w3.org\/2000\/svg\" viewBox=\"0 0 512 512\" class=\"bb-icon bb-icon--arrow-forward-circle-outline\">\n  <path d=\"M256 448c106 0 192-86 192-192S362 64 256 64 64 150 64 256s86 192 192 192Z\" style=\"fill:none;stroke:#000;stroke-miterlimit:10;stroke-width:32px\"><\/path>\n  <path d=\"M262.62 336 342 256l-79.38-80m68.35 80H170\" style=\"fill:none;stroke:#000;stroke-linecap:round;stroke-linejoin:round;stroke-width:32px\"><\/path>\n<\/svg><\/div><\/div>\n<\/div>\n<\/div>\n\n\n\n<div id=\"gspb_text-id-gsbp-17fc12d\" class=\"gspb_text gspb_text-id-gsbp-17fc12d \">DO PARLAMENTO EUROPEU E DO CONSELHO, de 25 de outubro de 2012<br>que estabelece normas m\u00ednimas relativas aos direitos, ao apoio e \u00e0 prote\u00e7\u00e3o das vitimas da criminalidade e que substitui a Decis\u00e3o-Quadro 2001\/220\/JAI do Conselho<\/div>\n<\/div>\n\n\n\n<div style=\"height:64px\" aria-hidden=\"true\" class=\"wp-block-spacer\"><\/div>\n\n\n\n<div id=\"indemnizacoes-vitima-criminalidade\"><\/div><div class=\"wp-block-greenshift-blocks-container gspb_container gspb_container-gsbp-eef133f\" id=\"gspb_container-id-gsbp-eef133f\">\n<h2 id=\"gspb_heading-id-gsbp-8226168\" class=\"gspb_heading gspb_heading-id-gsbp-8226168 \">Indemniza\u00e7\u00f5es \u00e0s V\u00edtimas de Criminalidade<\/h2>\n\n\n\n<div class=\"wp-block-greenshift-blocks-container gspb_container gspb_container-gsbp-7329aa4\" id=\"gspb_container-id-gsbp-7329aa4\">\n<div class=\"wp-block-greenshift-blocks-container gspb_container gspb_container-gsbp-6b98bdd arrow-link\" id=\"gspb_container-id-gsbp-6b98bdd\"><a class=\"gspb-containerlink\" href=\"\/wp-content\/uploads\/2025\/12\/Consolidacao-Lei-n.o-104_2009-Diario-da-Republica-n.o-178_2009-Serie-I-de-2009-09-14.pdf\" aria-label=\"Lei n.\u00ba 104\/2009, de 14 de Setembro\" target=\"_blank\" rel=\"noopener\"><\/a>\n<p style=\"margin-top:0;margin-bottom:0\">Lei n.\u00ba 104\/2009, de 14 de Setembro<\/p>\n\n\n\n<div class=\"wp-block-boldblocks-svg-block svg-b-5\"><div class=\"wp-block-boldblocks-svg-block__inner sm-svg-width svg-stroke-color\" style=\"--bb--width--sm:var(--bb--width--lg);--bb--width--md:var(--bb--width--lg);--bb--width--lg:100%;--bb--stroke--color:var(--wp--preset--color--primary-blue-600, #034AD8)\"><svg xmlns=\"http:\/\/www.w3.org\/2000\/svg\" viewBox=\"0 0 512 512\" class=\"bb-icon bb-icon--arrow-forward-circle-outline\">\n  <path d=\"M256 448c106 0 192-86 192-192S362 64 256 64 64 150 64 256s86 192 192 192Z\" style=\"fill:none;stroke:#000;stroke-miterlimit:10;stroke-width:32px\"><\/path>\n  <path d=\"M262.62 336 342 256l-79.38-80m68.35 80H170\" style=\"fill:none;stroke:#000;stroke-linecap:round;stroke-linejoin:round;stroke-width:32px\"><\/path>\n<\/svg><\/div><\/div>\n<\/div>\n<\/div>\n\n\n\n<div id=\"gspb_text-id-gsbp-a808286\" class=\"gspb_text gspb_text-id-gsbp-a808286 \">Aprova o regime de concess\u00e3o de indemniza\u00e7\u00e3o \u00e0s v\u00edtimas de crimes violentos e de viol\u00eancia dom\u00e9stica<\/div>\n\n\n\n<div class=\"wp-block-greenshift-blocks-container gspb_container gspb_container-gsbp-d7526f7\" id=\"gspb_container-id-gsbp-d7526f7\">\n<div class=\"wp-block-greenshift-blocks-container gspb_container gspb_container-gsbp-f759e36 arrow-link\" id=\"gspb_container-id-gsbp-f759e36\"><a class=\"gspb-containerlink\" href=\"\/wp-content\/uploads\/2025\/12\/Portaria-n.o-420_2025_1-Diario-da-Republica-n.o-226_2025-Serie-I-de-2025-11-21.pdf\" aria-label=\"Portaria n.\u00ba 403\/2012, de 7 de dezembro\" target=\"_blank\" rel=\"noopener\"><\/a>\n<p style=\"margin-top:0;margin-bottom:0\">Portaria n.\u00ba 420\/2025\/1, de 21 de Novembro<\/p>\n\n\n\n<div class=\"wp-block-boldblocks-svg-block svg-b-6\"><div class=\"wp-block-boldblocks-svg-block__inner sm-svg-width svg-stroke-color\" style=\"--bb--width--sm:var(--bb--width--lg);--bb--width--md:var(--bb--width--lg);--bb--width--lg:100%;--bb--stroke--color:var(--wp--preset--color--primary-blue-600, #034AD8)\"><svg xmlns=\"http:\/\/www.w3.org\/2000\/svg\" viewBox=\"0 0 512 512\" class=\"bb-icon bb-icon--arrow-forward-circle-outline\">\n  <path d=\"M256 448c106 0 192-86 192-192S362 64 256 64 64 150 64 256s86 192 192 192Z\" style=\"fill:none;stroke:#000;stroke-miterlimit:10;stroke-width:32px\"><\/path>\n  <path d=\"M262.62 336 342 256l-79.38-80m68.35 80H170\" style=\"fill:none;stroke:#000;stroke-linecap:round;stroke-linejoin:round;stroke-width:32px\"><\/path>\n<\/svg><\/div><\/div>\n<\/div>\n<\/div>\n\n\n\n<div id=\"gspb_text-id-gsbp-8faf774\" class=\"gspb_text gspb_text-id-gsbp-8faf774 \">Regulamenta a transmiss\u00e3o de dados e a tramita\u00e7\u00e3o eletr\u00f3nica dos processos relativos aos pedidos submetidos pelas v\u00edtimas de crimes violentos e de viol\u00eancia dom\u00e9stica \u00e0 Comiss\u00e3o de Prote\u00e7\u00e3o \u00e0s V\u00edtimas de Crimes, para a concess\u00e3o do adiantamento da indemniza\u00e7\u00e3o por parte do Estado, e aprova os modelos de requerimento, que constam em anexo<\/div>\n\n\n\n<div class=\"wp-block-greenshift-blocks-container gspb_container gspb_container-gsbp-bf9a4ee\" id=\"gspb_container-id-gsbp-bf9a4ee\">\n<div class=\"wp-block-greenshift-blocks-container gspb_container gspb_container-gsbp-dfd7687 arrow-link\" id=\"gspb_container-id-gsbp-dfd7687\"><a class=\"gspb-containerlink\" href=\"\/wp-content\/uploads\/2024\/03\/Lei_31_2006.pdf\" aria-label=\"Lei n.\u00ba 31\/2006, de 21 de Julho\" target=\"_blank\" rel=\"noopener\"><\/a>\n<p style=\"margin-top:0;margin-bottom:0\">Lei n.\u00ba 31\/2006, de 21 de Julho<\/p>\n\n\n\n<div class=\"wp-block-boldblocks-svg-block svg-b-7\"><div class=\"wp-block-boldblocks-svg-block__inner sm-svg-width svg-stroke-color\" style=\"--bb--width--sm:var(--bb--width--lg);--bb--width--md:var(--bb--width--lg);--bb--width--lg:100%;--bb--stroke--color:var(--wp--preset--color--primary-blue-600, #034AD8)\"><svg xmlns=\"http:\/\/www.w3.org\/2000\/svg\" viewBox=\"0 0 512 512\" class=\"bb-icon bb-icon--arrow-forward-circle-outline\">\n  <path d=\"M256 448c106 0 192-86 192-192S362 64 256 64 64 150 64 256s86 192 192 192Z\" style=\"fill:none;stroke:#000;stroke-miterlimit:10;stroke-width:32px\"><\/path>\n  <path d=\"M262.62 336 342 256l-79.38-80m68.35 80H170\" style=\"fill:none;stroke:#000;stroke-linecap:round;stroke-linejoin:round;stroke-width:32px\"><\/path>\n<\/svg><\/div><\/div>\n<\/div>\n<\/div>\n\n\n\n<div id=\"gspb_text-id-gsbp-173e6f3\" class=\"gspb_text gspb_text-id-gsbp-173e6f3 \">Procede \u00e0 quarta altera\u00e7\u00e3o ao Decreto-Lei n.\u00ba 423\/91, de 30 de Outubro, transpondo para a ordem jur\u00eddica nacional a Directiva n.\u00ba 2004\/80\/CE, do Conselho, de 29 de Abril, relativa \u00e0 indemniza\u00e7\u00e3o das v\u00edtimas da criminalidade<\/div>\n\n\n\n<div class=\"wp-block-greenshift-blocks-container gspb_container gspb_container-gsbp-c96e74b\" id=\"gspb_container-id-gsbp-c96e74b\">\n<div class=\"wp-block-greenshift-blocks-container gspb_container gspb_container-gsbp-571dbe5 arrow-link\" id=\"gspb_container-id-gsbp-571dbe5\"><a class=\"gspb-containerlink\" href=\"\/wp-content\/uploads\/2024\/03\/Diretiva_2004_80_CE.pdf\" aria-label=\"DIRETIVA 2004\/80\/CE\" target=\"_blank\" rel=\"noopener\"><\/a>\n<p style=\"margin-top:0;margin-bottom:0\">DIRETIVA 2004\/80\/CE<\/p>\n\n\n\n<div class=\"wp-block-boldblocks-svg-block svg-b-8\"><div class=\"wp-block-boldblocks-svg-block__inner sm-svg-width svg-stroke-color\" style=\"--bb--width--sm:var(--bb--width--lg);--bb--width--md:var(--bb--width--lg);--bb--width--lg:100%;--bb--stroke--color:var(--wp--preset--color--primary-blue-600, #034AD8)\"><svg xmlns=\"http:\/\/www.w3.org\/2000\/svg\" viewBox=\"0 0 512 512\" class=\"bb-icon bb-icon--arrow-forward-circle-outline\">\n  <path d=\"M256 448c106 0 192-86 192-192S362 64 256 64 64 150 64 256s86 192 192 192Z\" style=\"fill:none;stroke:#000;stroke-miterlimit:10;stroke-width:32px\"><\/path>\n  <path d=\"M262.62 336 342 256l-79.38-80m68.35 80H170\" style=\"fill:none;stroke:#000;stroke-linecap:round;stroke-linejoin:round;stroke-width:32px\"><\/path>\n<\/svg><\/div><\/div>\n<\/div>\n<\/div>\n\n\n\n<div id=\"gspb_text-id-gsbp-a8a547b\" class=\"gspb_text gspb_text-id-gsbp-a8a547b \">DO CONSELHO, de 29 de Abril de 2004<br>Relativa \u00e0 indemniza\u00e7\u00e3o das vitimas da criminalidade<\/div>\n\n\n\n<div class=\"wp-block-greenshift-blocks-container gspb_container gspb_container-gsbp-b45e3cd\" id=\"gspb_container-id-gsbp-b45e3cd\">\n<div class=\"wp-block-greenshift-blocks-container gspb_container gspb_container-gsbp-422174e arrow-link\" id=\"gspb_container-id-gsbp-422174e\"><a class=\"gspb-containerlink\" href=\"\/wp-content\/uploads\/2024\/03\/Convencao_Europeia.pdf\" aria-label=\"Resolu\u00e7\u00e3o da Assembleia da Rep\u00fablica n.\u00ba 16\/2000\" target=\"_blank\" rel=\"noopener\"><\/a>\n<p style=\"margin-top:0;margin-bottom:0\">Resolu\u00e7\u00e3o da Assembleia da Rep\u00fablica n.\u00ba 16\/2000<\/p>\n\n\n\n<div class=\"wp-block-boldblocks-svg-block svg-b-9\"><div class=\"wp-block-boldblocks-svg-block__inner sm-svg-width svg-stroke-color\" style=\"--bb--width--sm:var(--bb--width--lg);--bb--width--md:var(--bb--width--lg);--bb--width--lg:100%;--bb--stroke--color:var(--wp--preset--color--primary-blue-600, #034AD8)\"><svg xmlns=\"http:\/\/www.w3.org\/2000\/svg\" viewBox=\"0 0 512 512\" class=\"bb-icon bb-icon--arrow-forward-circle-outline\">\n  <path d=\"M256 448c106 0 192-86 192-192S362 64 256 64 64 150 64 256s86 192 192 192Z\" style=\"fill:none;stroke:#000;stroke-miterlimit:10;stroke-width:32px\"><\/path>\n  <path d=\"M262.62 336 342 256l-79.38-80m68.35 80H170\" style=\"fill:none;stroke:#000;stroke-linecap:round;stroke-linejoin:round;stroke-width:32px\"><\/path>\n<\/svg><\/div><\/div>\n<\/div>\n<\/div>\n\n\n\n<div id=\"gspb_text-id-gsbp-a0b394c\" class=\"gspb_text gspb_text-id-gsbp-a0b394c \">Aprova, para ratifica\u00e7\u00e3o, a Conven\u00e7\u00e3o Europeia Relativa \u00e0 Indemniza\u00e7\u00e3o de V\u00edtimas de Infrac\u00e7\u00f5es Violentas, aberta \u00e0 assinatura em Estrasburgo em 24 de Novembro de 1983<\/div>\n<\/div>\n\n\n\n<div style=\"height:64px\" aria-hidden=\"true\" class=\"wp-block-spacer\"><\/div>\n\n\n\n<div id=\"violencia-domestica\"><\/div><div class=\"wp-block-greenshift-blocks-container gspb_container gspb_container-gsbp-6773745\" id=\"gspb_container-id-gsbp-6773745\">\n<h2 id=\"gspb_heading-id-gsbp-21dedfa\" class=\"gspb_heading gspb_heading-id-gsbp-21dedfa \">Viol\u00eancia Dom\u00e9stica<\/h2>\n\n\n\n<div class=\"wp-block-greenshift-blocks-container gspb_container gspb_container-gsbp-2dcda6b\" id=\"gspb_container-id-gsbp-2dcda6b\">\n<div class=\"wp-block-greenshift-blocks-container gspb_container gspb_container-gsbp-4508506 arrow-link\" id=\"gspb_container-id-gsbp-4508506\"><a class=\"gspb-containerlink\" href=\"\/wp-content\/uploads\/2025\/12\/Consolidacao-Lei-n.o-112_2009-Diario-da-Republica-n.o-180_2009-Serie-I-de-2009-09-16.pdf\" aria-label=\"Lei n.\u00ba 112\/2009, de 16 de Setembro\" target=\"_blank\" rel=\"noopener\"><\/a>\n<p style=\"margin-top:0;margin-bottom:0\">Lei n.\u00ba 112\/2009, de 16 de Setembro<\/p>\n\n\n\n<div class=\"wp-block-boldblocks-svg-block svg-b-10\"><div class=\"wp-block-boldblocks-svg-block__inner sm-svg-width svg-stroke-color\" style=\"--bb--width--sm:var(--bb--width--lg);--bb--width--md:var(--bb--width--lg);--bb--width--lg:100%;--bb--stroke--color:var(--wp--preset--color--primary-blue-600, #034AD8)\"><svg xmlns=\"http:\/\/www.w3.org\/2000\/svg\" viewBox=\"0 0 512 512\" class=\"bb-icon bb-icon--arrow-forward-circle-outline\">\n  <path d=\"M256 448c106 0 192-86 192-192S362 64 256 64 64 150 64 256s86 192 192 192Z\" style=\"fill:none;stroke:#000;stroke-miterlimit:10;stroke-width:32px\"><\/path>\n  <path d=\"M262.62 336 342 256l-79.38-80m68.35 80H170\" style=\"fill:none;stroke:#000;stroke-linecap:round;stroke-linejoin:round;stroke-width:32px\"><\/path>\n<\/svg><\/div><\/div>\n<\/div>\n<\/div>\n\n\n\n<div id=\"gspb_text-id-gsbp-2a11177\" class=\"gspb_text gspb_text-id-gsbp-2a11177 \">Estabelece o regime jur\u00eddico aplic\u00e1vel \u00e0 preven\u00e7\u00e3o da viol\u00eancia dom\u00e9stica<br>[diploma alterado &#8211; \u00faltima (7.\u00ba) altera\u00e7\u00e3o: Lei n.\u00ba 24\/2017, de 24 de Maio]<\/div>\n\n\n\n<div class=\"wp-block-greenshift-blocks-container gspb_container gspb_container-gsbp-03a18ae\" id=\"gspb_container-id-gsbp-03a18ae\">\n<div class=\"wp-block-greenshift-blocks-container gspb_container gspb_container-gsbp-a200942 arrow-link\" id=\"gspb_container-id-gsbp-a200942\"><a class=\"gspb-containerlink\" href=\"\/wp-content\/uploads\/2024\/03\/Portaria_220-A_2010.pdf\" aria-label=\"Portaria n.\u00ba 220-A\/2010, de 16 de Abril\" target=\"_blank\" rel=\"noopener\"><\/a>\n<p style=\"margin-top:0;margin-bottom:0\">Portaria n.\u00ba 220-A\/2010, de 16 de Abril<\/p>\n\n\n\n<div class=\"wp-block-boldblocks-svg-block svg-b-11\"><div class=\"wp-block-boldblocks-svg-block__inner sm-svg-width svg-stroke-color\" style=\"--bb--width--sm:var(--bb--width--lg);--bb--width--md:var(--bb--width--lg);--bb--width--lg:100%;--bb--stroke--color:var(--wp--preset--color--primary-blue-600, #034AD8)\"><svg xmlns=\"http:\/\/www.w3.org\/2000\/svg\" viewBox=\"0 0 512 512\" class=\"bb-icon bb-icon--arrow-forward-circle-outline\">\n  <path d=\"M256 448c106 0 192-86 192-192S362 64 256 64 64 150 64 256s86 192 192 192Z\" style=\"fill:none;stroke:#000;stroke-miterlimit:10;stroke-width:32px\"><\/path>\n  <path d=\"M262.62 336 342 256l-79.38-80m68.35 80H170\" style=\"fill:none;stroke:#000;stroke-linecap:round;stroke-linejoin:round;stroke-width:32px\"><\/path>\n<\/svg><\/div><\/div>\n<\/div>\n<\/div>\n\n\n\n<div id=\"gspb_text-id-gsbp-52a99ba\" class=\"gspb_text gspb_text-id-gsbp-52a99ba \">Estabelece as condi\u00e7\u00f5es de utiliza\u00e7\u00e3o inicial dos meios t\u00e9cnicos de teleassist\u00eancia, destinada a garantir \u00e0s v\u00edtimas de viol\u00eancia dom\u00e9stica apoio, protec\u00e7\u00e3o e seguran\u00e7a adequadas<br>(diploma alterado pela Portaria n.\u00ba 63\/2011, de 3 de Fevereiro)<\/div>\n\n\n\n<div class=\"wp-block-greenshift-blocks-container gspb_container gspb_container-gsbp-cceaad5\" id=\"gspb_container-id-gsbp-cceaad5\">\n<div class=\"wp-block-greenshift-blocks-container gspb_container gspb_container-gsbp-32595db arrow-link\" id=\"gspb_container-id-gsbp-32595db\"><a class=\"gspb-containerlink\" href=\"\/wp-content\/uploads\/2024\/03\/DL_113_2011.pdf\" aria-label=\"Decreto-Lei n.\u00ba 113\/2011, de 29 de Novembro\" target=\"_blank\" rel=\"noopener\"><\/a>\n<p style=\"margin-top:0;margin-bottom:0\">Decreto-Lei n.\u00ba 113\/2011, de 29 de Novembro<\/p>\n\n\n\n<div class=\"wp-block-boldblocks-svg-block svg-b-12\"><div class=\"wp-block-boldblocks-svg-block__inner sm-svg-width svg-stroke-color\" style=\"--bb--width--sm:var(--bb--width--lg);--bb--width--md:var(--bb--width--lg);--bb--width--lg:100%;--bb--stroke--color:var(--wp--preset--color--primary-blue-600, #034AD8)\"><svg xmlns=\"http:\/\/www.w3.org\/2000\/svg\" viewBox=\"0 0 512 512\" class=\"bb-icon bb-icon--arrow-forward-circle-outline\">\n  <path d=\"M256 448c106 0 192-86 192-192S362 64 256 64 64 150 64 256s86 192 192 192Z\" style=\"fill:none;stroke:#000;stroke-miterlimit:10;stroke-width:32px\"><\/path>\n  <path d=\"M262.62 336 342 256l-79.38-80m68.35 80H170\" style=\"fill:none;stroke:#000;stroke-linecap:round;stroke-linejoin:round;stroke-width:32px\"><\/path>\n<\/svg><\/div><\/div>\n<\/div>\n<\/div>\n\n\n\n<div id=\"gspb_text-id-gsbp-7483ae2\" class=\"gspb_text gspb_text-id-gsbp-7483ae2 \">Dispensa de cobran\u00e7a de taxas moderadoras nos atendimentos urgentes e actos complementares decorrentes de atendimentos a vitimas de viol\u00eancia<\/div>\n\n\n\n<div class=\"wp-block-greenshift-blocks-container gspb_container gspb_container-gsbp-1c283fc\" id=\"gspb_container-id-gsbp-1c283fc\">\n<div class=\"wp-block-greenshift-blocks-container gspb_container gspb_container-gsbp-8b7ce70 arrow-link\" id=\"gspb_container-id-gsbp-8b7ce70\"><a class=\"gspb-containerlink\" href=\"\/wp-content\/uploads\/2024\/03\/DR_01_2006.pdf\" aria-label=\"Decreto Regulamentar n.\u00ba 1\/2006, de 25 de Janeiro\" target=\"_blank\" rel=\"noopener\"><\/a>\n<p style=\"margin-top:0;margin-bottom:0\">Decreto Regulamentar n.\u00ba 1\/2006, de 25 de Janeiro<\/p>\n\n\n\n<div class=\"wp-block-boldblocks-svg-block svg-b-13\"><div class=\"wp-block-boldblocks-svg-block__inner sm-svg-width svg-stroke-color\" style=\"--bb--width--sm:var(--bb--width--lg);--bb--width--md:var(--bb--width--lg);--bb--width--lg:100%;--bb--stroke--color:var(--wp--preset--color--primary-blue-600, #034AD8)\"><svg xmlns=\"http:\/\/www.w3.org\/2000\/svg\" viewBox=\"0 0 512 512\" class=\"bb-icon bb-icon--arrow-forward-circle-outline\">\n  <path d=\"M256 448c106 0 192-86 192-192S362 64 256 64 64 150 64 256s86 192 192 192Z\" style=\"fill:none;stroke:#000;stroke-miterlimit:10;stroke-width:32px\"><\/path>\n  <path d=\"M262.62 336 342 256l-79.38-80m68.35 80H170\" style=\"fill:none;stroke:#000;stroke-linecap:round;stroke-linejoin:round;stroke-width:32px\"><\/path>\n<\/svg><\/div><\/div>\n<\/div>\n<\/div>\n\n\n\n<div id=\"gspb_text-id-gsbp-af2d9db\" class=\"gspb_text gspb_text-id-gsbp-af2d9db \">Regula as condi\u00e7\u00f5es de organiza\u00e7\u00e3o, funcionamento e fiscaliza\u00e7\u00e3o das casas de abrigo<\/div>\n\n\n\n<div class=\"wp-block-greenshift-blocks-container gspb_container gspb_container-gsbp-719340e\" id=\"gspb_container-id-gsbp-719340e\">\n<div class=\"wp-block-greenshift-blocks-container gspb_container gspb_container-gsbp-7b7391c arrow-link\" id=\"gspb_container-id-gsbp-7b7391c\"><a class=\"gspb-containerlink\" href=\"\/wp-content\/uploads\/2024\/03\/Lei_61_1991.pdf\" aria-label=\"Lei n.\u00ba 61\/1991, de 13 de Agosto\" target=\"_blank\" rel=\"noopener\"><\/a>\n<p style=\"margin-top:0;margin-bottom:0\">Lei n.\u00ba 61\/1991, de 13 de Agosto<\/p>\n\n\n\n<div class=\"wp-block-boldblocks-svg-block svg-b-14\"><div class=\"wp-block-boldblocks-svg-block__inner sm-svg-width svg-stroke-color\" style=\"--bb--width--sm:var(--bb--width--lg);--bb--width--md:var(--bb--width--lg);--bb--width--lg:100%;--bb--stroke--color:var(--wp--preset--color--primary-blue-600, #034AD8)\"><svg xmlns=\"http:\/\/www.w3.org\/2000\/svg\" viewBox=\"0 0 512 512\" class=\"bb-icon bb-icon--arrow-forward-circle-outline\">\n  <path d=\"M256 448c106 0 192-86 192-192S362 64 256 64 64 150 64 256s86 192 192 192Z\" style=\"fill:none;stroke:#000;stroke-miterlimit:10;stroke-width:32px\"><\/path>\n  <path d=\"M262.62 336 342 256l-79.38-80m68.35 80H170\" style=\"fill:none;stroke:#000;stroke-linecap:round;stroke-linejoin:round;stroke-width:32px\"><\/path>\n<\/svg><\/div><\/div>\n<\/div>\n<\/div>\n\n\n\n<div id=\"gspb_text-id-gsbp-063a89f\" class=\"gspb_text gspb_text-id-gsbp-063a89f \">Garante protec\u00e7\u00e3o adequada \u00e0s mulheres v\u00edtimas de viol\u00eancia<\/div>\n\n\n\n<div class=\"wp-block-greenshift-blocks-container gspb_container gspb_container-gsbp-07df302\" id=\"gspb_container-id-gsbp-07df302\">\n<div class=\"wp-block-greenshift-blocks-container gspb_container gspb_container-gsbp-52ce901 arrow-link\" id=\"gspb_container-id-gsbp-52ce901\"><a class=\"gspb-containerlink\" href=\"\/wp-content\/uploads\/2024\/03\/RCM_102_2013.pdf\" aria-label=\"Resolu\u00e7\u00e3o do Conselho de Ministros n.\u00ba 102\/2013\" target=\"_blank\" rel=\"noopener\"><\/a>\n<p style=\"margin-top:0;margin-bottom:0\">Resolu\u00e7\u00e3o do Conselho de Ministros n.\u00ba 102\/2013<\/p>\n\n\n\n<div class=\"wp-block-boldblocks-svg-block svg-b-15\"><div class=\"wp-block-boldblocks-svg-block__inner sm-svg-width svg-stroke-color\" style=\"--bb--width--sm:var(--bb--width--lg);--bb--width--md:var(--bb--width--lg);--bb--width--lg:100%;--bb--stroke--color:var(--wp--preset--color--primary-blue-600, #034AD8)\"><svg xmlns=\"http:\/\/www.w3.org\/2000\/svg\" viewBox=\"0 0 512 512\" class=\"bb-icon bb-icon--arrow-forward-circle-outline\">\n  <path d=\"M256 448c106 0 192-86 192-192S362 64 256 64 64 150 64 256s86 192 192 192Z\" style=\"fill:none;stroke:#000;stroke-miterlimit:10;stroke-width:32px\"><\/path>\n  <path d=\"M262.62 336 342 256l-79.38-80m68.35 80H170\" style=\"fill:none;stroke:#000;stroke-linecap:round;stroke-linejoin:round;stroke-width:32px\"><\/path>\n<\/svg><\/div><\/div>\n<\/div>\n<\/div>\n\n\n\n<div id=\"gspb_text-id-gsbp-76c829a\" class=\"gspb_text gspb_text-id-gsbp-76c829a \">Aprova o V Plano Nacional de Preven\u00e7\u00e3o e Combate \u00e0 Viol\u00eancia Dom\u00e9stica e de G\u00e9nero 2014-2017<\/div>\n<\/div>\n\n\n\n<div style=\"height:64px\" aria-hidden=\"true\" class=\"wp-block-spacer\"><\/div>\n\n\n\n<div id=\"menores\"><\/div><div class=\"wp-block-greenshift-blocks-container gspb_container gspb_container-gsbp-05fd9a0\" id=\"gspb_container-id-gsbp-05fd9a0\">\n<h2 id=\"gspb_heading-id-gsbp-c318bcf\" class=\"gspb_heading gspb_heading-id-gsbp-c318bcf \">Menores<\/h2>\n\n\n\n<div class=\"wp-block-greenshift-blocks-container gspb_container gspb_container-gsbp-561c4b7\" id=\"gspb_container-id-gsbp-561c4b7\">\n<div class=\"wp-block-greenshift-blocks-container gspb_container gspb_container-gsbp-8a77dd8 arrow-link\" id=\"gspb_container-id-gsbp-8a77dd8\"><a class=\"gspb-containerlink\" href=\"\/wp-content\/uploads\/2024\/03\/Lei_-75_98.pdf\" aria-label=\"Lei n.\u00ba 75\/98, de 19 de Novembro\" target=\"_blank\" rel=\"noopener\"><\/a>\n<p style=\"margin-top:0;margin-bottom:0\">Lei n.\u00ba 75\/98, de 19 de Novembro<\/p>\n\n\n\n<div class=\"wp-block-boldblocks-svg-block svg-b-16\"><div class=\"wp-block-boldblocks-svg-block__inner sm-svg-width svg-stroke-color\" style=\"--bb--width--sm:var(--bb--width--lg);--bb--width--md:var(--bb--width--lg);--bb--width--lg:100%;--bb--stroke--color:var(--wp--preset--color--primary-blue-600, #034AD8)\"><svg xmlns=\"http:\/\/www.w3.org\/2000\/svg\" viewBox=\"0 0 512 512\" class=\"bb-icon bb-icon--arrow-forward-circle-outline\">\n  <path d=\"M256 448c106 0 192-86 192-192S362 64 256 64 64 150 64 256s86 192 192 192Z\" style=\"fill:none;stroke:#000;stroke-miterlimit:10;stroke-width:32px\"><\/path>\n  <path d=\"M262.62 336 342 256l-79.38-80m68.35 80H170\" style=\"fill:none;stroke:#000;stroke-linecap:round;stroke-linejoin:round;stroke-width:32px\"><\/path>\n<\/svg><\/div><\/div>\n<\/div>\n<\/div>\n\n\n\n<div id=\"gspb_text-id-gsbp-007939f\" class=\"gspb_text gspb_text-id-gsbp-007939f \">Garantia dos alimentos devidos a menores<br>[diploma alterado &#8211; \u00faltima (3.\u00ba) altera\u00e7\u00e3o: Lei n.\u00ba 24\/2017, de 24 de Maio]<\/div>\n\n\n\n<div class=\"wp-block-greenshift-blocks-container gspb_container gspb_container-gsbp-200d00b\" id=\"gspb_container-id-gsbp-200d00b\">\n<div class=\"wp-block-greenshift-blocks-container gspb_container gspb_container-gsbp-f315dc6 arrow-link\" id=\"gspb_container-id-gsbp-f315dc6\"><a class=\"gspb-containerlink\" href=\"\/wp-content\/uploads\/2024\/03\/Decreto-Lei_164_99.pdf\" aria-label=\"Decreto-Lei n.\u00ba 164\/99, de 13 de Maio\" target=\"_blank\" rel=\"noopener\"><\/a>\n<p style=\"margin-top:0;margin-bottom:0\">Decreto-Lei n.\u00ba 164\/99, de 13 de Maio<\/p>\n\n\n\n<div class=\"wp-block-boldblocks-svg-block svg-b-17\"><div class=\"wp-block-boldblocks-svg-block__inner sm-svg-width svg-stroke-color\" style=\"--bb--width--sm:var(--bb--width--lg);--bb--width--md:var(--bb--width--lg);--bb--width--lg:100%;--bb--stroke--color:var(--wp--preset--color--primary-blue-600, #034AD8)\"><svg xmlns=\"http:\/\/www.w3.org\/2000\/svg\" viewBox=\"0 0 512 512\" class=\"bb-icon bb-icon--arrow-forward-circle-outline\">\n  <path d=\"M256 448c106 0 192-86 192-192S362 64 256 64 64 150 64 256s86 192 192 192Z\" style=\"fill:none;stroke:#000;stroke-miterlimit:10;stroke-width:32px\"><\/path>\n  <path d=\"M262.62 336 342 256l-79.38-80m68.35 80H170\" style=\"fill:none;stroke:#000;stroke-linecap:round;stroke-linejoin:round;stroke-width:32px\"><\/path>\n<\/svg><\/div><\/div>\n<\/div>\n<\/div>\n\n\n\n<div id=\"gspb_text-id-gsbp-20be96c\" class=\"gspb_text gspb_text-id-gsbp-20be96c \">Regula a garantia de alimentos devidos a menores prevista na Lei n.\u00ba 75\/98, de 19 de Novembro<br>[diploma alterado &#8211; \u00faltima (3.\u00ba) altera\u00e7\u00e3o: Lei n.\u00ba 64\/2012, de 20 de Dezembro]<\/div>\n<\/div>\n\n\n\n<div style=\"height:64px\" aria-hidden=\"true\" class=\"wp-block-spacer\"><\/div>\n\n\n\n<div class=\"wp-block-group has-primary-blue-900-color has-text-color has-link-color wp-elements-5910859425b52b41ce972819f869ded1 is-nowrap is-layout-flex wp-container-core-group-is-layout-ad2f72ca wp-block-group-is-layout-flex\">\n<p class=\"has-grey-800-color has-text-color has-link-color has-small-font-size wp-elements-8d2b2c7fa7ca3cd2f4b985b18f2e35f8\">Atualizado em<\/p>\n\n\n<div class=\"wp-block-post-date__modified-date has-link-color wp-elements-3a1a9efa8d31e779f7a052913d0596cb wp-block-post-date has-text-color has-grey-800-color has-small-font-size\"><time datetime=\"2025-12-12T12:52:28+00:00\">12.12.2025<\/time><\/div><\/div>\n","protected":false},"excerpt":{"rendered":"Comiss\u00e3o de Prote\u00e7\u00e3o \u00e0s V\u00edtimas de Crimes (CPVC)\n\nDecreto-Lei n.\u00ba 120\/2010, de 27 de Outubro\n\n  \n  \n\nRegula a constitui\u00e7\u00e3o, o funcionamento e o exerc\u00edcio de poderes e deveres da CPVC\n\nDecreto-Lei n.\u00ba 123\/2011, de 29 de Dezembro\n\n  \n  \n\nDefine a org\u00e2nica do Minist\u00e9rio da Justi\u00e7a &#8211; Artigo 20.\u00ba CPVC","protected":false},"author":2,"featured_media":0,"parent":0,"menu_order":0,"comment_status":"closed","ping_status":"closed","template":"","meta":{"_gspb_post_css":".gspb_text-id-gsbp-aad3145{margin-top:0!important}#gspb_heading-id-gsbp-21dedfa,#gspb_heading-id-gsbp-74a62a2,#gspb_heading-id-gsbp-8226168,#gspb_heading-id-gsbp-c318bcf{margin-top:0}.gspb_text-id-gsbp-17fc12d,.gspb_text-id-gsbp-808c153,.gspb_text-id-gsbp-89904e7,.gspb_text-id-gsbp-8faf774,.gspb_text-id-gsbp-a808286,.gspb_text-id-gsbp-f6044a3{color:#2b363c;margin-top:0!important}.gspb_text-id-gsbp-8faf774{margin-bottom:0!important}.gspb_text-id-gsbp-173e6f3,.gspb_text-id-gsbp-2a11177,.gspb_text-id-gsbp-a0b394c,.gspb_text-id-gsbp-a8a547b{color:#2b363c}.gspb_text-id-gsbp-2a11177{margin-top:0!important}.gspb_text-id-gsbp-52a99ba{color:#2b363c;margin-top:0!important;margin-bottom:0!important}.gspb_text-id-gsbp-007939f,.gspb_text-id-gsbp-063a89f,.gspb_text-id-gsbp-7483ae2,.gspb_text-id-gsbp-76c829a,.gspb_text-id-gsbp-af2d9db{color:#2b363c}.gspb_text-id-gsbp-007939f{margin-top:0!important}.gspb_text-id-gsbp-20be96c{color:#2b363c;margin-top:0!important}.gspb_container-id-gsbp-00fee7e{flex-direction:column;box-sizing:border-box}#gspb_container-id-gsbp-00fee7e.gspb_container>p:last-of-type,#gspb_container-id-gsbp-0295243.gspb_container>p:last-of-type,#gspb_container-id-gsbp-03a18ae.gspb_container>p:last-of-type,#gspb_container-id-gsbp-05fd9a0.gspb_container>p:last-of-type,#gspb_container-id-gsbp-07df302.gspb_container>p:last-of-type,#gspb_container-id-gsbp-19528f4.gspb_container>p:last-of-type,#gspb_container-id-gsbp-1c283fc.gspb_container>p:last-of-type,#gspb_container-id-gsbp-200d00b.gspb_container>p:last-of-type,#gspb_container-id-gsbp-21c5e2d.gspb_container>p:last-of-type,#gspb_container-id-gsbp-2dcda6b.gspb_container>p:last-of-type,#gspb_container-id-gsbp-32595db.gspb_container>p:last-of-type,#gspb_container-id-gsbp-422174e.gspb_container>p:last-of-type,#gspb_container-id-gsbp-4508506.gspb_container>p:last-of-type,#gspb_container-id-gsbp-4cd5d0c.gspb_container>p:last-of-type,#gspb_container-id-gsbp-52ce901.gspb_container>p:last-of-type,#gspb_container-id-gsbp-561c4b7.gspb_container>p:last-of-type,#gspb_container-id-gsbp-571dbe5.gspb_container>p:last-of-type,#gspb_container-id-gsbp-6773745.gspb_container>p:last-of-type,#gspb_container-id-gsbp-6b98bdd.gspb_container>p:last-of-type,#gspb_container-id-gsbp-719340e.gspb_container>p:last-of-type,#gspb_container-id-gsbp-7329aa4.gspb_container>p:last-of-type,#gspb_container-id-gsbp-7b7391c.gspb_container>p:last-of-type,#gspb_container-id-gsbp-8a77dd8.gspb_container>p:last-of-type,#gspb_container-id-gsbp-8b7ce70.gspb_container>p:last-of-type,#gspb_container-id-gsbp-90a3851.gspb_container>p:last-of-type,#gspb_container-id-gsbp-9aaa2d9.gspb_container>p:last-of-type,#gspb_container-id-gsbp-a200942.gspb_container>p:last-of-type,#gspb_container-id-gsbp-a2228ef.gspb_container>p:last-of-type,#gspb_container-id-gsbp-b45e3cd.gspb_container>p:last-of-type,#gspb_container-id-gsbp-bf9a4ee.gspb_container>p:last-of-type,#gspb_container-id-gsbp-c09f8ac.gspb_container>p:last-of-type,#gspb_container-id-gsbp-c209a03.gspb_container>p:last-of-type,#gspb_container-id-gsbp-c96e74b.gspb_container>p:last-of-type,#gspb_container-id-gsbp-cceaad5.gspb_container>p:last-of-type,#gspb_container-id-gsbp-d5a5443.gspb_container>p:last-of-type,#gspb_container-id-gsbp-d7526f7.gspb_container>p:last-of-type,#gspb_container-id-gsbp-dfd7687.gspb_container>p:last-of-type,#gspb_container-id-gsbp-eef133f.gspb_container>p:last-of-type,#gspb_container-id-gsbp-f315dc6.gspb_container>p:last-of-type,#gspb_container-id-gsbp-f759e36.gspb_container>p:last-of-type{margin-bottom:0}body.gspb-bodyfront #gspb_container-id-gsbp-00fee7e.gspb_container{position:sticky;align-self:start}#gspb_container-id-gsbp-00fee7e.gspb_container{margin-bottom:0}#gspb_container-id-gsbp-c09f8ac.gspb_container{display:flex;justify-content:flex-start;align-content:center;align-items:stretch;margin-bottom:0}#gspb_container-id-gsbp-d5a5443.gspb_container{display:flex;align-content:center;align-items:center;column-gap:8px;margin-bottom:0}#gspb_container-id-gsbp-19528f4.gspb_container .gspb-containerlink,#gspb_container-id-gsbp-32595db.gspb_container .gspb-containerlink,#gspb_container-id-gsbp-422174e.gspb_container .gspb-containerlink,#gspb_container-id-gsbp-4508506.gspb_container .gspb-containerlink,#gspb_container-id-gsbp-52ce901.gspb_container .gspb-containerlink,#gspb_container-id-gsbp-571dbe5.gspb_container .gspb-containerlink,#gspb_container-id-gsbp-6b98bdd.gspb_container .gspb-containerlink,#gspb_container-id-gsbp-7b7391c.gspb_container .gspb-containerlink,#gspb_container-id-gsbp-8a77dd8.gspb_container .gspb-containerlink,#gspb_container-id-gsbp-8b7ce70.gspb_container .gspb-containerlink,#gspb_container-id-gsbp-90a3851.gspb_container .gspb-containerlink,#gspb_container-id-gsbp-9aaa2d9.gspb_container .gspb-containerlink,#gspb_container-id-gsbp-a200942.gspb_container .gspb-containerlink,#gspb_container-id-gsbp-d5a5443.gspb_container .gspb-containerlink,#gspb_container-id-gsbp-dfd7687.gspb_container .gspb-containerlink,#gspb_container-id-gsbp-f315dc6.gspb_container .gspb-containerlink,#gspb_container-id-gsbp-f759e36.gspb_container .gspb-containerlink{position:absolute;top:0;left:0;right:0;bottom:0;z-index:1}.gspb_container-id-gsbp-4cd5d0c,.gspb_container-id-gsbp-90a3851,.gspb_container-id-gsbp-a2228ef,.gspb_container-id-gsbp-c09f8ac,.gspb_container-id-gsbp-d5a5443{flex-direction:column;box-sizing:border-box}#gspb_container-id-gsbp-a2228ef.gspb_container{display:flex;justify-content:flex-start;align-content:center;align-items:stretch}#gspb_container-id-gsbp-90a3851.gspb_container{display:flex;align-content:center;align-items:center;column-gap:8px;margin-bottom:0}#gspb_container-id-gsbp-0295243.gspb_container{display:flex;justify-content:flex-start;align-content:center;align-items:stretch}#gspb_container-id-gsbp-19528f4.gspb_container{display:flex;align-content:center;align-items:center;column-gap:8px;margin-bottom:0}.gspb_container-id-gsbp-0295243,.gspb_container-id-gsbp-19528f4,.gspb_container-id-gsbp-21c5e2d,.gspb_container-id-gsbp-9aaa2d9,.gspb_container-id-gsbp-c209a03{flex-direction:column;box-sizing:border-box}#gspb_container-id-gsbp-c209a03.gspb_container{display:flex;justify-content:flex-start;align-content:center;align-items:stretch}#gspb_container-id-gsbp-9aaa2d9.gspb_container{display:flex;align-content:center;align-items:center;column-gap:8px;margin-bottom:0}#gspb_container-id-gsbp-eef133f.gspb_container{margin-bottom:0}#gspb_container-id-gsbp-7329aa4.gspb_container{display:flex;justify-content:flex-start;align-content:center;align-items:stretch}.gspb_container-id-gsbp-6b98bdd,.gspb_container-id-gsbp-7329aa4,.gspb_container-id-gsbp-d7526f7,.gspb_container-id-gsbp-eef133f{flex-direction:column;box-sizing:border-box}#gspb_container-id-gsbp-6b98bdd.gspb_container{display:flex;align-content:center;align-items:center;column-gap:8px;margin-bottom:0}#gspb_container-id-gsbp-d7526f7.gspb_container{display:flex;justify-content:flex-start;align-content:center;align-items:stretch}#gspb_container-id-gsbp-f759e36.gspb_container{display:flex;align-content:center;align-items:center;column-gap:8px;margin-bottom:0}#gspb_container-id-gsbp-bf9a4ee.gspb_container{display:flex;justify-content:flex-start;align-content:center;align-items:stretch}.gspb_container-id-gsbp-bf9a4ee,.gspb_container-id-gsbp-c96e74b,.gspb_container-id-gsbp-dfd7687,.gspb_container-id-gsbp-f759e36{flex-direction:column;box-sizing:border-box}#gspb_container-id-gsbp-dfd7687.gspb_container{display:flex;align-content:center;align-items:center;column-gap:8px;margin-bottom:0}#gspb_container-id-gsbp-c96e74b.gspb_container{display:flex;justify-content:flex-start;align-content:center;align-items:stretch}#gspb_container-id-gsbp-571dbe5.gspb_container{display:flex;align-content:center;align-items:center;column-gap:8px;margin-bottom:0}#gspb_container-id-gsbp-b45e3cd.gspb_container{display:flex;justify-content:flex-start;align-content:center;align-items:stretch}.gspb_container-id-gsbp-2dcda6b,.gspb_container-id-gsbp-422174e,.gspb_container-id-gsbp-571dbe5,.gspb_container-id-gsbp-6773745,.gspb_container-id-gsbp-b45e3cd{flex-direction:column;box-sizing:border-box}#gspb_container-id-gsbp-422174e.gspb_container{display:flex;align-content:center;align-items:center;column-gap:8px;margin-bottom:0}#gspb_container-id-gsbp-2dcda6b.gspb_container{display:flex;justify-content:flex-start;align-content:center;align-items:stretch}#gspb_container-id-gsbp-4508506.gspb_container{display:flex;align-content:center;align-items:center;column-gap:8px;margin-bottom:0}#gspb_container-id-gsbp-03a18ae.gspb_container{display:flex;justify-content:flex-start;align-content:center;align-items:stretch;margin-bottom:0}.gspb_container-id-gsbp-03a18ae,.gspb_container-id-gsbp-4508506,.gspb_container-id-gsbp-a200942,.gspb_container-id-gsbp-cceaad5{flex-direction:column;box-sizing:border-box}#gspb_container-id-gsbp-a200942.gspb_container{display:flex;align-content:center;align-items:center;column-gap:8px;margin-bottom:0}#gspb_container-id-gsbp-cceaad5.gspb_container{display:flex;justify-content:flex-start;align-content:center;align-items:stretch}#gspb_container-id-gsbp-32595db.gspb_container{display:flex;align-content:center;align-items:center;column-gap:8px;margin-bottom:0}#gspb_container-id-gsbp-1c283fc.gspb_container{display:flex;justify-content:flex-start;align-content:center;align-items:stretch}.gspb_container-id-gsbp-1c283fc,.gspb_container-id-gsbp-32595db,.gspb_container-id-gsbp-719340e,.gspb_container-id-gsbp-8b7ce70{flex-direction:column;box-sizing:border-box}#gspb_container-id-gsbp-8b7ce70.gspb_container{display:flex;align-content:center;align-items:center;column-gap:8px;margin-bottom:0}#gspb_container-id-gsbp-719340e.gspb_container{display:flex;justify-content:flex-start;align-content:center;align-items:stretch}#gspb_container-id-gsbp-7b7391c.gspb_container{display:flex;align-content:center;align-items:center;column-gap:8px;margin-bottom:0}#gspb_container-id-gsbp-07df302.gspb_container{display:flex;justify-content:flex-start;align-content:center;align-items:stretch}.gspb_container-id-gsbp-05fd9a0,.gspb_container-id-gsbp-07df302,.gspb_container-id-gsbp-52ce901,.gspb_container-id-gsbp-561c4b7,.gspb_container-id-gsbp-7b7391c{flex-direction:column;box-sizing:border-box}#gspb_container-id-gsbp-52ce901.gspb_container{display:flex;align-content:center;align-items:center;column-gap:8px;margin-bottom:0}#gspb_container-id-gsbp-561c4b7.gspb_container{display:flex;justify-content:flex-start;align-content:center;align-items:stretch}#gspb_container-id-gsbp-8a77dd8.gspb_container{display:flex;align-content:center;align-items:center;column-gap:8px;margin-bottom:0}#gspb_container-id-gsbp-200d00b.gspb_container{display:flex;justify-content:flex-start;align-content:center;align-items:stretch}.gspb_container-id-gsbp-200d00b,.gspb_container-id-gsbp-8a77dd8,.gspb_container-id-gsbp-f315dc6{flex-direction:column;box-sizing:border-box}.gspb_container{position:relative}#gspb_container-id-gsbp-f315dc6.gspb_container{display:flex;column-gap:8px;color:var(--wp--preset--color--primary-blue-600, #1E49D0)}","footnotes":""},"class_list":["post-339","page","type-page","status-publish","hentry"],"aioseo_notices":[],"_links":{"self":[{"href":"https:\/\/cpvc.justica.gov.pt\/en\/wp-json\/wp\/v2\/pages\/339","targetHints":{"allow":["GET"]}}],"collection":[{"href":"https:\/\/cpvc.justica.gov.pt\/en\/wp-json\/wp\/v2\/pages"}],"about":[{"href":"https:\/\/cpvc.justica.gov.pt\/en\/wp-json\/wp\/v2\/types\/page"}],"author":[{"embeddable":true,"href":"https:\/\/cpvc.justica.gov.pt\/en\/wp-json\/wp\/v2\/users\/2"}],"replies":[{"embeddable":true,"href":"https:\/\/cpvc.justica.gov.pt\/en\/wp-json\/wp\/v2\/comments?post=339"}],"version-history":[{"count":32,"href":"https:\/\/cpvc.justica.gov.pt\/en\/wp-json\/wp\/v2\/pages\/339\/revisions"}],"predecessor-version":[{"id":3276,"href":"https:\/\/cpvc.justica.gov.pt\/en\/wp-json\/wp\/v2\/pages\/339\/revisions\/3276"}],"wp:attachment":[{"href":"https:\/\/cpvc.justica.gov.pt\/en\/wp-json\/wp\/v2\/media?parent=339"}],"curies":[{"name":"wp","href":"https:\/\/api.w.org\/{rel}","templated":true}]}}