{"id":1670,"date":"2024-04-19T10:36:23","date_gmt":"2024-04-19T10:36:23","guid":{"rendered":"https:\/\/vitimas.babel.dev\/?page_id=1670"},"modified":"2026-01-22T15:50:37","modified_gmt":"2026-01-22T15:50:37","slug":"foi-vitima-de-outro-crime-violento","status":"publish","type":"page","link":"https:\/\/cpvc.justica.gov.pt\/en\/pedido-de-indemnizacao\/foi-vitima-de-outro-crime-violento\/","title":{"rendered":"Have you been the victim of a violent crime?"},"content":{"rendered":"\n<p>Se foi v\u00edtima de um crime violento deve seguir os passos indicados abaixo.<\/p>\n\n\n\n<div class=\"wp-block-greenshift-blocks-accordion gs-accordion gspb_accordion-id-gsbp-b85c3fc\" id=\"gspb_accordion-id-gsbp-b85c3fc\" >\n<div class=\"wp-block-greenshift-blocks-accordionitem gs-accordion-item gspb_accordionitem-gsbp-024670b gsclose\" id=\"gspb_accordionitem-gsbp-024670b\" itemscope><div id=\"gs-trigger-gsbp-b85c3fc-0\" class=\"gs-accordion-item__title\" aria-expanded=\"false\" role=\"button\" tabindex=\"0\" aria-controls=\"gspb-accordion-item-content-gsbp-024670b\"><h2 class=\"gs-accordion-item__heading\">1) Por favor leia a informa\u00e7\u00e3o sobre o direito ao adiantamento da indemniza\u00e7\u00e3o<\/h2><meta itemprop=\"name\" content=\"1) Por favor leia a informa\u00e7\u00e3o sobre o direito ao adiantamento da indemniza\u00e7\u00e3o\"\/><span class=\"iconfortoggle\"><svg class=\"\" style=\"display:inline-block;vertical-align:middle\" width=\"15\" height=\"15\" viewBox=\"0 0 896 1024\" xmlns=\"http:\/\/www.w3.org\/2000\/svg\"><path style=\"fill:#565D66\" d=\"M883.8 334.6l-39.6-39.6c-9.4-9.4-24.6-9.4-34 0l-362.2 361.4-362.2-361.4c-9.4-9.4-24.6-9.4-34 0l-39.6 39.6c-9.4 9.4-9.4 24.6 0 34l418.8 418.8c9.4 9.4 24.6 9.4 34 0l418.8-418.8c9.4-9.4 9.4-24.6 0-34z\"><\/path><\/svg><\/span><\/div><div aria-labelledby=\"gs-trigger-gsbp-b85c3fc-0\" class=\"gs-accordion-item__content\" itemscope id=\"gspb-accordion-item-content-gsbp-024670b\" aria-hidden=\"true\"><div class=\"gs-accordion-item__text\" itemprop=\"text\">\n<p>De acordo com a al\u00ednea a) do n.\u00ba 2 do artigo 1.\u00ba da Lei n.\u00ba 104\/09, de 14 de Setembro, s\u00e3o crimes violentos, os crimes que se enquadram nas defini\u00e7\u00f5es legais de terrorismo, criminalidade violenta e criminalidade especialmente violenta previstas nas al\u00edneas i) a l) do artigo 1.\u00ba do C\u00f3digo de Processo Penal:<br>i) &#8216;Terrorismo&#8217; as condutas que integram os crimes de infra\u00e7\u00f5es terroristas, infra\u00e7\u00f5es relacionadas com um grupo terrorista, infra\u00e7\u00f5es relacionadas com atividades terroristas e financiamento do terrorismo;<br>j) &#8216;Criminalidade violenta&#8217; as condutas que dolosamente se dirigirem contra a vida, a integridade f\u00edsica, a liberdade pessoal, a liberdade e autodetermina\u00e7\u00e3o sexual ou a autoridade p\u00fablica e forem pun\u00edveis com pena de pris\u00e3o de m\u00e1ximo igual ou superior a 5 anos;<br>l) &#8216;Criminalidade especialmente violenta&#8217; as condutas previstas na al\u00ednea anterior pun\u00edveis com pena de pris\u00e3o de m\u00e1ximo igual ou superior a 8 anos;<\/p>\n\n\n\n<p>Assim, s\u00e3o considerados crimes violentos, entre outros, os crimes de Terrorismo, Homic\u00eddio, Ofensas \u00e0 Integridade F\u00edsica Graves, Viola\u00e7\u00e3o, Abuso Sexual de Crian\u00e7as, Viol\u00eancia Dom\u00e9stica ou Les\u00f5es F\u00edsicas Graves resultantes de um crime de Roubo.<\/p>\n\n\n\n<p>As v\u00edtimas de crime que tenham sofrido danos graves para a respetiva sa\u00fade f\u00edsica ou mental diretamente resultantes de atos de viol\u00eancia, praticados em territ\u00f3rio portugu\u00eas ou a bordo de navios ou aeronaves portuguesas, podem ter direito \u00e0 concess\u00e3o de um adiantamento da indemniza\u00e7\u00e3o pelo Estado, quando cumulativamente:<\/p>\n\n\n\n<ul class=\"wp-block-list\">\n<li>a les\u00e3o tenha provocado uma incapacidade permanente ou uma incapacidade tempor\u00e1ria e absoluta para o trabalho de pelo menos 30 dias;<\/li>\n\n\n\n<li>o facto tenha provocado uma perturba\u00e7\u00e3o consider\u00e1vel no n\u00edvel e qualidade de vida da v\u00edtima&nbsp;ou, no caso de morte, do requerente; e<\/li>\n\n\n\n<li>n\u00e3o tenha sido obtida efetiva repara\u00e7\u00e3o do dano em sede de execu\u00e7\u00e3o de senten\u00e7a condenat\u00f3ria relativa a pedido deduzido nos termos dos artigos 71.\u00ba a 84.\u00ba do C\u00f3digo de Processo Penal ou, se for razoavelmente de prever que o delinquente e respons\u00e1veis civis n\u00e3o reparem o dano, sem que seja poss\u00edvel obter de outra fonte uma repara\u00e7\u00e3o efetiva e suficiente.<\/li>\n<\/ul>\n\n\n\n<p>O direito ao adiantamento da indemniza\u00e7\u00e3o mant\u00e9m-se mesmo que n\u00e3o seja conhecida a identidade do autor do crime ou, por outra raz\u00e3o, ele n\u00e3o possa ser acusado ou condenado.<\/p>\n\n\n\n<p>Tamb\u00e9m poder\u00e3o ter direito ao adiantamento da indemniza\u00e7\u00e3o as pessoas que auxiliem voluntariamente a v\u00edtima ou colaborem com as autoridades na preven\u00e7\u00e3o da infra\u00e7\u00e3o, persegui\u00e7\u00e3o ou deten\u00e7\u00e3o do delinquente, quando verificados os requisitos acima referidos.<\/p>\n\n\n\n<p>A concess\u00e3o do adiantamento da indemniza\u00e7\u00e3o a estas pessoas n\u00e3o depende da concess\u00e3o de indemniza\u00e7\u00e3o \u00e0s v\u00edtimas diretas do crime em causa.<\/p>\n\n\n\n<p>Quando o ato de viol\u00eancia configure um crime contra a liberdade e autodetermina\u00e7\u00e3o sexual ou contra menor, pode ser dispensada a verifica\u00e7\u00e3o do requisito previsto na al\u00ednea a) do n.\u00ba 1 do artigo 2.\u00ba Lei n.\u00ba 104\/2009, de 14 de setembro, se circunst\u00e2ncias excecionais e devidamente fundamentadas o aconselharem.<\/p>\n\n\n\n<p><strong>A informa\u00e7\u00e3o disponibilizada n\u00e3o dispensa a consulta da legisla\u00e7\u00e3o aplic\u00e1vel:<\/strong><\/p>\n\n\n\n<p>Lei n.\u00ba 104\/2009, de 14 de setembro, que aprova o regime de concess\u00e3o de indemniza\u00e7\u00e3o \u00e0s v\u00edtimas de crimes violentos e de viol\u00eancia dom\u00e9stica;<\/p>\n\n\n\n<p>C\u00f3digo Penal;<\/p>\n\n\n\n<p>C\u00f3digo de Processo Penal.<\/p>\n\n\n\n<div style=\"height:30px\" aria-hidden=\"true\" class=\"wp-block-spacer\"><\/div>\n\n\n\n<p><strong>Para continuar deve preparar os documentos necess\u00e1rios (passo 2).<\/strong><\/p>\n<\/div><\/div><\/div>\n\n\n\n<div class=\"wp-block-greenshift-blocks-accordionitem gs-accordion-item gspb_accordionitem-gsbp-83dd77b gsclose\" id=\"gspb_accordionitem-gsbp-83dd77b\" itemscope><div id=\"gs-trigger-gsbp-b85c3fc-1\" class=\"gs-accordion-item__title\" aria-expanded=\"false\" role=\"button\" tabindex=\"0\" aria-controls=\"gspb-accordion-item-content-gsbp-83dd77b\"><h2 class=\"gs-accordion-item__heading\">2) Para continuar deve preparar os documentos necess\u00e1rios<\/h2><meta itemprop=\"name\" content=\"2) Para continuar deve preparar os documentos necess\u00e1rios\"\/><span class=\"iconfortoggle\"><svg class=\"\" style=\"display:inline-block;vertical-align:middle\" width=\"15\" height=\"15\" viewBox=\"0 0 896 1024\" xmlns=\"http:\/\/www.w3.org\/2000\/svg\"><path style=\"fill:#565D66\" d=\"M883.8 334.6l-39.6-39.6c-9.4-9.4-24.6-9.4-34 0l-362.2 361.4-362.2-361.4c-9.4-9.4-24.6-9.4-34 0l-39.6 39.6c-9.4 9.4-9.4 24.6 0 34l418.8 418.8c9.4 9.4 24.6 9.4 34 0l418.8-418.8c9.4-9.4 9.4-24.6 0-34z\"><\/path><\/svg><\/span><\/div><div aria-labelledby=\"gs-trigger-gsbp-b85c3fc-1\" class=\"gs-accordion-item__content\" itemscope id=\"gspb-accordion-item-content-gsbp-83dd77b\" aria-hidden=\"true\"><div class=\"gs-accordion-item__text\" itemprop=\"text\">\n<p><strong>Para apresentar o seu pedido de indemniza\u00e7\u00e3o como v\u00edtima direta de um crime violento, deve reunir os documentos constantes na lista abaixo.<\/strong><\/p>\n\n\n\n<p>Documentos obrigat\u00f3rios:<\/p>\n\n\n\n<ul class=\"wp-block-list\">\n<li>Documento(s) de identifica\u00e7\u00e3o da V\u00edtima [nos quais conste N\u00ba de Identifica\u00e7\u00e3o Civil (CC ou outro), Fiscal (NIF) e da Seguran\u00e7a Social (NISS)]<\/li>\n<\/ul>\n\n\n\n<p>Quando aplic\u00e1vel:<\/p>\n\n\n\n<ul class=\"wp-block-list\">\n<li>Documento identificativo do Requerente quando este n\u00e3o seja a V\u00edtima do crime (no qual conste N\u00ba de Identifica\u00e7\u00e3o Civil)<\/li>\n\n\n\n<li>Documento identificativo do Representante Legal (no qual conste N\u00ba de Identifica\u00e7\u00e3o Civil)<\/li>\n\n\n\n<li> Despacho Judicial que atribui a qualidade de Tutor(a) caso a rela\u00e7\u00e3o do Requerente com a V\u00edtima seja de Tutela Jur\u00eddica<\/li>\n<\/ul>\n\n\n\n<ul class=\"wp-block-list\">\n<li>Despacho Judicial da regula\u00e7\u00e3o das responsabilidades parentais caso a V\u00edtima seja menor de idade e os progenitores n\u00e3o vivam como casal<\/li>\n\n\n\n<li>Despacho Judicial que declara que a V\u00edtima se encontra ao abrigo do Regime do Maior Acompanhado, caso a V\u00edtima se encontre nesta situa\u00e7\u00e3o<\/li>\n\n\n\n<li>Procura\u00e7\u00e3o forense caso o Requerente se apresente na qualidade de Advogado(a)<\/li>\n\n\n\n<li>Despacho de nomea\u00e7\u00e3o como Defensor(a) Oficioso(a) caso o Requerente se apresente nesta qualidade<\/li>\n<\/ul>\n\n\n\n<p>Outros documentos obrigat\u00f3rios:<\/p>\n\n\n\n<ul class=\"wp-block-list\">\n<li>Declara\u00e7\u00e3o fiscal de rendimentos da V\u00edtima do ano anterior ao crime, do ano do crime e do ano posterior ao crime<\/li>\n<\/ul>\n\n\n\n<p>Outros documentos relevantes:<\/p>\n\n\n\n<ul class=\"wp-block-list\">\n<li>C\u00f3pia do Despacho de Acusa\u00e7\u00e3o, caso ainda n\u00e3o tenha sido proferida a decis\u00e3o final no processo-crime, isto \u00e9, caso ainda n\u00e3o exista Senten\u00e7a\/Ac\u00f3rd\u00e3o<\/li>\n\n\n\n<li>Certid\u00e3o de Senten\u00e7a\/Ac\u00f3rd\u00e3o com data do Tr\u00e2nsito em Julgado ou Despacho de Arquivamento<\/li>\n\n\n\n<li>C\u00f3pia do(s) Ac\u00f3rd\u00e3o(s) do(s) Tribunal(ais) Superior(es), caso tenha sido interposto recurso<\/li>\n\n\n\n<li>C\u00f3pia do requerimento executivo (e sua decis\u00e3o), caso j\u00e1 tenha havido execu\u00e7\u00e3o da senten\u00e7a<\/li>\n\n\n\n<li>Certificado de Incapacidade Tempor\u00e1ria para o trabalho relativo \u00e0s les\u00f5es sofridas em consequ\u00eancia do crime<\/li>\n\n\n\n<li>Documentos comprovativos dos danos patrimoniais, dos danos psicol\u00f3gicos e\/ou dos danos f\u00edsicos causados pelo crime<\/li>\n\n\n\n<li>Documentos comprovativos dos rendimentos da V\u00edtima (rendimento do trabalho, subs\u00eddio de desemprego, abono de fam\u00edlia, presta\u00e7\u00f5es por doen\u00e7a, Rendimento Social de Inser\u00e7\u00e3o, complemento solid\u00e1rio para idosos, pens\u00e3o por velhice, pens\u00e3o por invalidez ou presta\u00e7\u00e3o social para a inclus\u00e3o)<\/li>\n<\/ul>\n\n\n\n<p><strong>Apenas ser\u00e3o aceites documentos em formato PDF.<\/strong><\/p>\n\n\n\n<p><strong>Para continuar deve preencher o formul\u00e1rio (passo 3).<\/strong><\/p>\n<\/div><\/div><\/div>\n<\/div>\n\n\n\n<div class=\"wp-block-buttons is-content-justification-right is-layout-flex wp-container-core-buttons-is-layout-765c4724 wp-block-buttons-is-layout-flex\">\n<div class=\"wp-block-button\"><a class=\"wp-block-button__link wp-element-button\" href=\"https:\/\/backoffice.cpvc.justica.gov.pt\/CPVC\/AddRequest\/outro-crime\" target=\"_blank\" rel=\"https:\/\/prd-irn.justica.gov.pt\/CPVC\/AddRequest\/outro-crime noopener noreferrer\">3) Preencher Formul\u00e1rio<\/a><\/div>\n<\/div>\n\n\n\n<div class=\"wp-block-group has-primary-blue-900-color has-text-color has-link-color wp-elements-3aa7d4a70b32914834adb77fef9adb50 is-nowrap is-layout-flex wp-container-core-group-is-layout-9ac49156 wp-block-group-is-layout-flex\" style=\"margin-top:2em\">\n<p class=\"has-grey-800-color has-text-color has-link-color has-small-font-size wp-elements-8d2b2c7fa7ca3cd2f4b985b18f2e35f8\">Atualizado em<\/p>\n\n\n<div class=\"wp-block-post-date__modified-date has-link-color wp-elements-4975cadfc32e7a4631b88c82e206063e wp-block-post-date has-text-color has-grey-800-color has-small-font-size\"><time datetime=\"2026-01-22T15:50:37+00:00\">22.01.2026<\/time><\/div><\/div>\n","protected":false},"excerpt":{"rendered":"Se foi v\u00edtima de um crime violento deve seguir os passos indicados abaixo. Atualizado em","protected":false},"author":1,"featured_media":0,"parent":548,"menu_order":0,"comment_status":"closed","ping_status":"closed","template":"order","meta":{"_gspb_post_css":"#gspb_accordion-id-gsbp-b85c3fc .gs-accordion-item.gsclose>.gs-accordion-item__content{opacity:0}#gspb_accordion-id-gsbp-b85c3fc .gs-accordion-item.gsopen>.gs-accordion-item__content{opacity:1;max-height:5000px}#gspb_accordion-id-gsbp-b85c3fc .gs-accordion-item>.gs-accordion-item__title>.gs-accordion-item__heading{outline:0;text-decoration:none;margin:0!important;padding:0!important;flex-grow:1}#gspb_accordion-id-gsbp-b85c3fc .gs-accordion-item>.gs-accordion-item__title{z-index:1;margin:0;cursor:pointer;transition:all .3s ease-in-out;position:relative;display:flex;justify-content:space-between;align-items:center;flex-wrap:nowrap}#gspb_accordion-id-gsbp-b85c3fc .gs-accordion-item>.gs-accordion-item__content{z-index:0;position:relative;overflow:hidden;max-height:0;will-change:max-height;transition:all .25s ease-out}#gspb_accordion-id-gsbp-b85c3fc .gs-accordion-item>.gs-accordion-item__title{background-color:#f9f9f9;border-style:solid;border-width:1px;border-color:#00000012}#gspb_accordion-id-gsbp-b85c3fc .gs-accordion-item>.gs-accordion-item__content{background-color:#fff;border-style:solid;border-width:1px;border-color:#00000000 #00000012 #00000012}#gspb_accordion-id-gsbp-b85c3fc .gs-accordion-item>.gs-accordion-item__title span.iconfortoggle{margin-left:15px}#gspb_accordion-id-gsbp-b85c3fc .gs-accordion-item{margin-bottom:10px}#gspb_accordion-id-gsbp-b85c3fc .gs-accordion-item>.gs-accordion-item__content>.gs-accordion-item__text,#gspb_accordion-id-gsbp-b85c3fc .gs-accordion-item>.gs-accordion-item__title{padding:15px 20px}#gspb_accordion-id-gsbp-b85c3fc span.iconfortoggle svg{height:16px!important;width:16px!important;min-width:16px!important;margin:0!important}#gspb_accordion-id-gsbp-b85c3fc span.iconfortoggle svg,#gspb_accordion-id-gsbp-b85c3fc span.iconfortoggle svg path{fill:var(--wp--preset--color--primary-blue-600, #1E49D0)!important}#gspb_accordion-id-gsbp-b85c3fc span.iconfortoggle svg:hover,#gspb_accordion-id-gsbp-b85c3fc span.iconfortoggle svg:hover path{fill:var(--wp--preset--color--primary-blue-800, #0E2A7D)!important}#gspb_accordion-id-gsbp-b85c3fc .gs-accordion-item__title span.iconfortoggle{transition:transform .3s ease-in-out;display:inline-flex}#gspb_accordion-id-gsbp-b85c3fc .gs-accordion-item__title span.iconfortoggle>*{vertical-align:top!important}#gspb_accordion-id-gsbp-b85c3fc .gs-accordion-item.gsopen span.iconfortoggle{transform:rotate(90deg)}","footnotes":""},"class_list":["post-1670","page","type-page","status-publish","hentry"],"aioseo_notices":[],"_links":{"self":[{"href":"https:\/\/cpvc.justica.gov.pt\/en\/wp-json\/wp\/v2\/pages\/1670","targetHints":{"allow":["GET"]}}],"collection":[{"href":"https:\/\/cpvc.justica.gov.pt\/en\/wp-json\/wp\/v2\/pages"}],"about":[{"href":"https:\/\/cpvc.justica.gov.pt\/en\/wp-json\/wp\/v2\/types\/page"}],"author":[{"embeddable":true,"href":"https:\/\/cpvc.justica.gov.pt\/en\/wp-json\/wp\/v2\/users\/1"}],"replies":[{"embeddable":true,"href":"https:\/\/cpvc.justica.gov.pt\/en\/wp-json\/wp\/v2\/comments?post=1670"}],"version-history":[{"count":33,"href":"https:\/\/cpvc.justica.gov.pt\/en\/wp-json\/wp\/v2\/pages\/1670\/revisions"}],"predecessor-version":[{"id":3802,"href":"https:\/\/cpvc.justica.gov.pt\/en\/wp-json\/wp\/v2\/pages\/1670\/revisions\/3802"}],"up":[{"embeddable":true,"href":"https:\/\/cpvc.justica.gov.pt\/en\/wp-json\/wp\/v2\/pages\/548"}],"wp:attachment":[{"href":"https:\/\/cpvc.justica.gov.pt\/en\/wp-json\/wp\/v2\/media?parent=1670"}],"curies":[{"name":"wp","href":"https:\/\/api.w.org\/{rel}","templated":true}]}}